{"id":3119,"date":"2022-05-26T12:46:44","date_gmt":"2022-05-26T15:46:44","guid":{"rendered":"https:\/\/corredorbioceanico.org\/?post_type=actividad&#038;p=3119"},"modified":"2025-01-13T13:09:59","modified_gmt":"2025-01-13T16:09:59","slug":"i-foro-en-campo-grande-mayo-2022","status":"publish","type":"actividad","link":"https:\/\/corredorbioceanico.org\/es\/actividad\/i-foro-en-campo-grande-mayo-2022\/","title":{"rendered":"I Foro de Campo Grande &#8211; 2022"},"content":{"rendered":"<p><strong>Evento:<\/strong> I Foro de Integraci\u00f3n de los Municipios del Corredor Bioce\u00e1nico de Capricornio<\/p>\n<p><strong>Lugar:<\/strong> Campo Grande, Brasil<\/p>\n<p><strong>Fecha:<\/strong> 26 y 27 de mayo<\/p>\n<h4><strong>Objetivo de la Actividad<\/strong><\/h4>\n<p>El Foro tuvo como objetivo principal promover la integraci\u00f3n entre los municipios y generar acuerdos diplom\u00e1ticos que faciliten el desarrollo econ\u00f3mico y tur\u00edstico de las ciudades y territorios subnacionales atravesadas por el Corredor Bioce\u00e1nico de Capricornio.<\/p>\n<h4><strong>Descripci\u00f3n de la Actividad<\/strong><\/h4>\n<p>Estuvo presidido por el Sr. Reinaldo Azambuja, Gobernador de Mato Grosso do Sul. Fue organizado por el Ministerio de Relaciones Exteriores de Brasil,\u00a0 la Asamblea Legislativa de Mato Grosso do Sul, junto con el Gobierno del Estado, el Frente Parlamentario Internacional del Corredor Bioce\u00e1nico y la Asociaci\u00f3n de Municipios de Mato Grosso do Sul (Assomasul), el foro reuni\u00f3 a importantes figuras pol\u00edticas, empresarios y representantes de organismos internacionales.<\/p>\n<ul>\n<li><strong>Convenios Firmados<\/strong>: Durante la inauguraci\u00f3n se firmaron acuerdos de \u00abCooperaci\u00f3n Comercial, Econ\u00f3mica y Productiva\u00bb y \u00abCooperaci\u00f3n Institucional para la Constituci\u00f3n de un Comit\u00e9 de Promoci\u00f3n Tur\u00edstica\u00bb entre municipios del Norte de Chile, Norte de Argentina, Chaco Paraguayo y Mato Grosso do Sul, Brasil.<\/li>\n<li><strong>Acuerdos Diplom\u00e1ticos<\/strong>: Los convenios establecidos incluyen el intercambio de informaci\u00f3n sobre producci\u00f3n, estudios t\u00e9cnicos, reuniones permanentes entre autoridades, cooperaci\u00f3n en proyectos, y planes de ejecuci\u00f3n y seguimiento. Tambi\u00e9n se destac\u00f3 el inter\u00e9s en estudios para el aprovechamiento del turismo ferroviario y la creaci\u00f3n de contactos comerciales y financiamiento multilateral.<\/li>\n<\/ul>\n<h4><strong>Presidencia y Participantes<\/strong><\/h4>\n<p>Presidido por el Gobernador Reinaldo Azambuja de Mato Grosso do Sul, el evento cont\u00f3 con la participaci\u00f3n de autoridades de los pa\u00edses sudamericanos involucrados en el Corredor. Los asistentes reafirmaron que el foro se proyecta como un hito en la integraci\u00f3n concreta, con la convergencia de intereses de Brasil, Argentina, Chile y Paraguay.<\/p>\n<h4><strong>Impacto del Corredor Bioce\u00e1nico<\/strong><\/h4>\n<p>La construcci\u00f3n del Corredor Bioce\u00e1nico implicar\u00e1 la apertura de nuevos puestos fronterizos en Brasil y Paraguay, conectando Mato Grosso do Sul con el Chaco Paraguayo y facilitando el acceso por carretera al norte de Argentina y Chile. Esto fomentar\u00e1 el turismo regional, promoviendo un mayor intercambio cultural y universitario.<\/p>\n<h4><strong>Mesas de Trabajo<\/strong><\/h4>\n<p>Durante las dos jornadas se realizaron las siguientes Mesas:<\/p>\n<ul>\n<li>Mesa 1: Experiencias Exportadoras y Potencial de Comercio (Sala Plenaria)<\/li>\n<li>Mesa 2: Corredor Bioce\u00e1nico, Oportunidades de Comercio e Inversi\u00f3n (Sala Plenaria)<\/li>\n<li>Mesa 3: Puertos de Chile, Argentina y Brasil (Sala Plenaria)<\/li>\n<li>Mesa 4: Innovaci\u00f3n y Apoyo Institucional (Sala 1)<\/li>\n<li>Mesa 5: Miner\u00eda (Sala Plenaria)<\/li>\n<li>Mesa 6: Energ\u00eda y Combustible (Sala 2)<\/li>\n<li>Mesa 7: Turismo, Conectividad y Cultura (Sala 3)<\/li>\n<\/ul>\n<h4><strong>Conclusi\u00f3n y Pr\u00f3ximos Pasos<\/strong><\/h4>\n<p>Se acord\u00f3 que el Segundo Foro de Integraci\u00f3n se realice en Antofagasta, Chile, en el segundo semestre del a\u00f1o. Esta continuidad permitir\u00e1 seguir avanzando en los objetivos planteados y fortalecer la cooperaci\u00f3n entre los municipios del Corredor Bioce\u00e1nico de Capricornio.<\/p>","protected":false},"excerpt":{"rendered":"<p>Evento: I Foro de Integraci\u00f3n de los Municipios del Corredor Bioce\u00e1nico de Capricornio Lugar: Campo Grande, Brasil Fecha: 26 y 27 de mayo Objetivo de la Actividad El Foro tuvo como objetivo principal promover la integraci\u00f3n entre los municipios y generar acuerdos diplom\u00e1ticos que faciliten el desarrollo econ\u00f3mico y tur\u00edstico de las ciudades y territorios [&hellip;]<\/p>\n","protected":false},"featured_media":2961,"template":"","meta":{"_acf_changed":false,"_relevanssi_hide_post":"","_relevanssi_hide_content":"","_relevanssi_pin_for_all":"","_relevanssi_pin_keywords":"","_relevanssi_unpin_keywords":"","_relevanssi_related_keywords":"","_relevanssi_related_include_ids":"","_relevanssi_related_exclude_ids":"","_relevanssi_related_no_append":"","_relevanssi_related_not_related":"","_relevanssi_related_posts":"","_relevanssi_noindex_reason":""},"class_list":["post-3119","actividad","type-actividad","status-publish","has-post-thumbnail","hentry","ano_actividad-ano-2022","tipo-reuniones-del-foro","hito_actividad-i-foro-cbc-campo-grande-2022"],"acf":[],"yoast_head":"<!-- This site is optimized with the Yoast SEO plugin v25.5 - https:\/\/yoast.com\/wordpress\/plugins\/seo\/ -->\n<title>I Foro de Campo Grande - 2022 - Corredor Bioce\u00e1nico de Capricornio<\/title>\n<meta name=\"robots\" content=\"index, follow, max-snippet:-1, max-image-preview:large, max-video-preview:-1\" \/>\n<link rel=\"canonical\" href=\"https:\/\/corredorbioceanico.org\/es\/actividad\/i-foro-en-campo-grande-mayo-2022\/\" \/>\n<meta property=\"og:locale\" content=\"es_ES\" \/>\n<meta property=\"og:type\" content=\"article\" \/>\n<meta property=\"og:title\" content=\"[:es]I Foro de Campo Grande - 2022[:pb]I F\u00f3rum de Campo Grande - 2022[:en]I Campo Grande Forum - 2022[:] - Corredor Bioce\u00e1nico de Capricornio\" \/>\n<meta property=\"og:description\" content=\"Evento: I Foro de Integraci\u00f3n de los Municipios del Corredor Bioce\u00e1nico de Capricornio Lugar: Campo Grande, Brasil Fecha: 26 y 27 de mayo Objetivo de la Actividad El Foro tuvo como objetivo principal promover la integraci\u00f3n entre los municipios y generar acuerdos diplom\u00e1ticos que faciliten el desarrollo econ\u00f3mico y tur\u00edstico de las ciudades y territorios [&hellip;]\" \/>\n<meta property=\"og:url\" content=\"https:\/\/corredorbioceanico.org\/es\/actividad\/i-foro-en-campo-grande-mayo-2022\/\" \/>\n<meta property=\"og:site_name\" content=\"Corredor Bioce\u00e1nico de Capricornio\" \/>\n<meta property=\"article:modified_time\" content=\"2025-01-13T16:09:59+00:00\" \/>\n<meta property=\"og:image\" content=\"https:\/\/corredorbioceanico.org\/cms\/wp-content\/uploads\/2024\/11\/comunicados.jpeg\" \/>\n\t<meta property=\"og:image:width\" content=\"754\" \/>\n\t<meta property=\"og:image:height\" content=\"502\" \/>\n\t<meta property=\"og:image:type\" content=\"image\/jpeg\" \/>\n<meta name=\"twitter:card\" content=\"summary_large_image\" \/>\n<meta name=\"twitter:label1\" content=\"Tiempo de lectura\" \/>\n\t<meta name=\"twitter:data1\" content=\"7 minutos\" \/>\n<script type=\"application\/ld+json\" class=\"yoast-schema-graph\">{\"@context\":\"https:\/\/schema.org\",\"@graph\":[{\"@type\":\"WebPage\",\"@id\":\"https:\/\/corredorbioceanico.org\/es\/actividad\/i-foro-en-campo-grande-mayo-2022\/\",\"url\":\"https:\/\/corredorbioceanico.org\/es\/actividad\/i-foro-en-campo-grande-mayo-2022\/\",\"name\":\"[:es]I Foro de Campo Grande - 2022[:pb]I F\u00f3rum de Campo Grande - 2022[:en]I Campo Grande Forum - 2022[:] - Corredor Bioce\u00e1nico de Capricornio\",\"isPartOf\":{\"@id\":\"https:\/\/corredorbioceanico.org\/es\/#website\"},\"primaryImageOfPage\":{\"@id\":\"https:\/\/corredorbioceanico.org\/es\/actividad\/i-foro-en-campo-grande-mayo-2022\/#primaryimage\"},\"image\":{\"@id\":\"https:\/\/corredorbioceanico.org\/es\/actividad\/i-foro-en-campo-grande-mayo-2022\/#primaryimage\"},\"thumbnailUrl\":\"https:\/\/corredorbioceanico.org\/cms\/wp-content\/uploads\/2024\/11\/comunicados.jpeg\",\"datePublished\":\"2022-05-26T15:46:44+00:00\",\"dateModified\":\"2025-01-13T16:09:59+00:00\",\"breadcrumb\":{\"@id\":\"https:\/\/corredorbioceanico.org\/es\/actividad\/i-foro-en-campo-grande-mayo-2022\/#breadcrumb\"},\"inLanguage\":\"es\",\"potentialAction\":[{\"@type\":\"ReadAction\",\"target\":[\"https:\/\/corredorbioceanico.org\/es\/actividad\/i-foro-en-campo-grande-mayo-2022\/\"]}]},{\"@type\":\"ImageObject\",\"inLanguage\":\"es\",\"@id\":\"https:\/\/corredorbioceanico.org\/es\/actividad\/i-foro-en-campo-grande-mayo-2022\/#primaryimage\",\"url\":\"https:\/\/corredorbioceanico.org\/cms\/wp-content\/uploads\/2024\/11\/comunicados.jpeg\",\"contentUrl\":\"https:\/\/corredorbioceanico.org\/cms\/wp-content\/uploads\/2024\/11\/comunicados.jpeg\",\"width\":754,\"height\":502},{\"@type\":\"BreadcrumbList\",\"@id\":\"https:\/\/corredorbioceanico.org\/es\/actividad\/i-foro-en-campo-grande-mayo-2022\/#breadcrumb\",\"itemListElement\":[{\"@type\":\"ListItem\",\"position\":1,\"name\":\"Portada\",\"item\":\"https:\/\/corredorbioceanico.org\/es\/\"},{\"@type\":\"ListItem\",\"position\":2,\"name\":\"Actividades\",\"item\":\"https:\/\/corredorbioceanico.org\/es\/actividad\/\"},{\"@type\":\"ListItem\",\"position\":3,\"name\":\"I Foro de Campo Grande &#8211; 2022\"}]},{\"@type\":\"WebSite\",\"@id\":\"https:\/\/corredorbioceanico.org\/es\/#website\",\"url\":\"https:\/\/corredorbioceanico.org\/es\/\",\"name\":\"Corredor Bioce\u00e1nico de Capricornio\",\"description\":\"Sitio Web del Corredor Bioce\u00e1nico de Capricornio\",\"publisher\":{\"@id\":\"https:\/\/corredorbioceanico.org\/es\/#organization\"},\"potentialAction\":[{\"@type\":\"SearchAction\",\"target\":{\"@type\":\"EntryPoint\",\"urlTemplate\":\"https:\/\/corredorbioceanico.org\/es\/?s={search_term_string}\"},\"query-input\":{\"@type\":\"PropertyValueSpecification\",\"valueRequired\":true,\"valueName\":\"search_term_string\"}}],\"inLanguage\":\"es\"},{\"@type\":\"Organization\",\"@id\":\"https:\/\/corredorbioceanico.org\/es\/#organization\",\"name\":\"Corredor Bioce\u00e1nico de Capricornio\",\"url\":\"https:\/\/corredorbioceanico.org\/es\/\",\"logo\":{\"@type\":\"ImageObject\",\"inLanguage\":\"es\",\"@id\":\"https:\/\/corredorbioceanico.org\/es\/#\/schema\/logo\/image\/\",\"url\":\"https:\/\/corredorbioceanico.org\/cms\/wp-content\/uploads\/2025\/02\/CBC_ID_WEB_1B.png\",\"contentUrl\":\"https:\/\/corredorbioceanico.org\/cms\/wp-content\/uploads\/2025\/02\/CBC_ID_WEB_1B.png\",\"width\":652,\"height\":200,\"caption\":\"Corredor Bioce\u00e1nico de Capricornio\"},\"image\":{\"@id\":\"https:\/\/corredorbioceanico.org\/es\/#\/schema\/logo\/image\/\"}}]}<\/script>\n<!-- \/ Yoast SEO plugin. -->","yoast_head_json":{"title":"[:es]I Foro de Campo Grande - 2022[:pb]I F\u00f3rum de Campo Grande - 2022[:en]I Campo Grande Forum - 2022[:] - Corredor Bioce\u00e1nico de Capricornio","robots":{"index":"index","follow":"follow","max-snippet":"max-snippet:-1","max-image-preview":"max-image-preview:large","max-video-preview":"max-video-preview:-1"},"canonical":"https:\/\/corredorbioceanico.org\/es\/actividad\/i-foro-en-campo-grande-mayo-2022\/","og_locale":"es_ES","og_type":"article","og_title":"[:es]I Foro de Campo Grande - 2022[:pb]I F\u00f3rum de Campo Grande - 2022[:en]I Campo Grande Forum - 2022[:] - Corredor Bioce\u00e1nico de Capricornio","og_description":"Evento: I Foro de Integraci\u00f3n de los Municipios del Corredor Bioce\u00e1nico de Capricornio Lugar: Campo Grande, Brasil Fecha: 26 y 27 de mayo Objetivo de la Actividad El Foro tuvo como objetivo principal promover la integraci\u00f3n entre los municipios y generar acuerdos diplom\u00e1ticos que faciliten el desarrollo econ\u00f3mico y tur\u00edstico de las ciudades y territorios [&hellip;]","og_url":"https:\/\/corredorbioceanico.org\/es\/actividad\/i-foro-en-campo-grande-mayo-2022\/","og_site_name":"Corredor Bioce\u00e1nico de Capricornio","article_modified_time":"2025-01-13T16:09:59+00:00","og_image":[{"width":754,"height":502,"url":"https:\/\/corredorbioceanico.org\/cms\/wp-content\/uploads\/2024\/11\/comunicados.jpeg","type":"image\/jpeg"}],"twitter_card":"summary_large_image","twitter_misc":{"Tiempo de lectura":"7 minutos"},"schema":{"@context":"https:\/\/schema.org","@graph":[{"@type":"WebPage","@id":"https:\/\/corredorbioceanico.org\/es\/actividad\/i-foro-en-campo-grande-mayo-2022\/","url":"https:\/\/corredorbioceanico.org\/es\/actividad\/i-foro-en-campo-grande-mayo-2022\/","name":"[:es]I Foro de Campo Grande - 2022[:pb]I F\u00f3rum de Campo Grande - 2022[:en]I Campo Grande Forum - 2022[:] - Corredor Bioce\u00e1nico de Capricornio","isPartOf":{"@id":"https:\/\/corredorbioceanico.org\/es\/#website"},"primaryImageOfPage":{"@id":"https:\/\/corredorbioceanico.org\/es\/actividad\/i-foro-en-campo-grande-mayo-2022\/#primaryimage"},"image":{"@id":"https:\/\/corredorbioceanico.org\/es\/actividad\/i-foro-en-campo-grande-mayo-2022\/#primaryimage"},"thumbnailUrl":"https:\/\/corredorbioceanico.org\/cms\/wp-content\/uploads\/2024\/11\/comunicados.jpeg","datePublished":"2022-05-26T15:46:44+00:00","dateModified":"2025-01-13T16:09:59+00:00","breadcrumb":{"@id":"https:\/\/corredorbioceanico.org\/es\/actividad\/i-foro-en-campo-grande-mayo-2022\/#breadcrumb"},"inLanguage":"es","potentialAction":[{"@type":"ReadAction","target":["https:\/\/corredorbioceanico.org\/es\/actividad\/i-foro-en-campo-grande-mayo-2022\/"]}]},{"@type":"ImageObject","inLanguage":"es","@id":"https:\/\/corredorbioceanico.org\/es\/actividad\/i-foro-en-campo-grande-mayo-2022\/#primaryimage","url":"https:\/\/corredorbioceanico.org\/cms\/wp-content\/uploads\/2024\/11\/comunicados.jpeg","contentUrl":"https:\/\/corredorbioceanico.org\/cms\/wp-content\/uploads\/2024\/11\/comunicados.jpeg","width":754,"height":502},{"@type":"BreadcrumbList","@id":"https:\/\/corredorbioceanico.org\/es\/actividad\/i-foro-en-campo-grande-mayo-2022\/#breadcrumb","itemListElement":[{"@type":"ListItem","position":1,"name":"Portada","item":"https:\/\/corredorbioceanico.org\/es\/"},{"@type":"ListItem","position":2,"name":"Actividades","item":"https:\/\/corredorbioceanico.org\/es\/actividad\/"},{"@type":"ListItem","position":3,"name":"I Foro de Campo Grande &#8211; 2022"}]},{"@type":"WebSite","@id":"https:\/\/corredorbioceanico.org\/es\/#website","url":"https:\/\/corredorbioceanico.org\/es\/","name":"Corredor Bioce\u00e1nico de Capricornio","description":"Sitio Web del Corredor Bioce\u00e1nico de Capricornio","publisher":{"@id":"https:\/\/corredorbioceanico.org\/es\/#organization"},"potentialAction":[{"@type":"SearchAction","target":{"@type":"EntryPoint","urlTemplate":"https:\/\/corredorbioceanico.org\/es\/?s={search_term_string}"},"query-input":{"@type":"PropertyValueSpecification","valueRequired":true,"valueName":"search_term_string"}}],"inLanguage":"es"},{"@type":"Organization","@id":"https:\/\/corredorbioceanico.org\/es\/#organization","name":"Corredor Bioce\u00e1nico de Capricornio","url":"https:\/\/corredorbioceanico.org\/es\/","logo":{"@type":"ImageObject","inLanguage":"es","@id":"https:\/\/corredorbioceanico.org\/es\/#\/schema\/logo\/image\/","url":"https:\/\/corredorbioceanico.org\/cms\/wp-content\/uploads\/2025\/02\/CBC_ID_WEB_1B.png","contentUrl":"https:\/\/corredorbioceanico.org\/cms\/wp-content\/uploads\/2025\/02\/CBC_ID_WEB_1B.png","width":652,"height":200,"caption":"Corredor Bioce\u00e1nico de Capricornio"},"image":{"@id":"https:\/\/corredorbioceanico.org\/es\/#\/schema\/logo\/image\/"}}]}},"_links":{"self":[{"href":"https:\/\/corredorbioceanico.org\/es\/wp-json\/wp\/v2\/actividad\/3119","targetHints":{"allow":["GET"]}}],"collection":[{"href":"https:\/\/corredorbioceanico.org\/es\/wp-json\/wp\/v2\/actividad"}],"about":[{"href":"https:\/\/corredorbioceanico.org\/es\/wp-json\/wp\/v2\/types\/actividad"}],"wp:featuredmedia":[{"embeddable":true,"href":"https:\/\/corredorbioceanico.org\/es\/wp-json\/wp\/v2\/media\/2961"}],"wp:attachment":[{"href":"https:\/\/corredorbioceanico.org\/es\/wp-json\/wp\/v2\/media?parent=3119"}],"curies":[{"name":"wp","href":"https:\/\/api.w.org\/{rel}","templated":true}]}}