{"id":3584,"date":"2025-02-21T16:31:12","date_gmt":"2025-02-21T19:31:12","guid":{"rendered":"https:\/\/corredorbioceanico.org\/?post_type=actividad&#038;p=3584"},"modified":"2025-02-27T10:25:56","modified_gmt":"2025-02-27T13:25:56","slug":"vi-foro-de-campo-grande-2025","status":"publish","type":"actividad","link":"https:\/\/corredorbioceanico.org\/es\/actividad\/vi-foro-de-campo-grande-2025\/","title":{"rendered":"VI Foro de Campo Grande &#8211; 2025"},"content":{"rendered":"<p><strong>Lugar:<\/strong>\u00a0Ciudad de Campo Grande, Mato Grosso do Sul, Brasil<\/p>\n<p><strong>Fecha:<\/strong>\u00a0Del 17 al 19 de febrero 2025<\/p>\n<p><strong>Objetivo<\/strong><\/p>\n<p>El evento tuvo por objetivo reunir a representantes de Paraguay, Brasil, Argentina, Chile y otros pa\u00edses, con enfoque en las oportunidades de desarrollo e integraci\u00f3n regional que proporcionar\u00e1 el Corredor Vial Bioce\u00e1nico. Este proyecto busca fortalecer la conectividad y la cooperaci\u00f3n entre los cuatro pa\u00edses, promoviendo el crecimiento sostenible, la mejora de infraestructuras y el fortalecimiento de las econom\u00edas locales.<\/p>\n<p><strong>Descripci\u00f3n<\/strong><\/p>\n<p>El evento, presidido por Eduardo Riedel, Gobernador de Mato Grosso do Sul, reuni\u00f3 a l\u00edderes pol\u00edticos, empresarios, representantes de organismos internacionales y expertos en infraestructura de Argentina, Brasil, Chile y Paraguay. El Gobernador Riedel, recibi\u00f3 uno por uno a los delegados en la sesi\u00f3n del apertura realizadas el 18 de febrero: <a href=\"https:\/\/www.youtube.com\/live\/KGrlhZj3Vck\" target=\"_blank\" rel=\"noopener\">https:\/\/www.youtube.com\/live\/KGrlhZj3Vck<\/a><\/p>\n<p>Durante el foro tuvieron lugar la Cumbre de Gobernadores, las reuniones de las comisiones de trabajo y el Seminario Internacional de la Ruta Bioce\u00e1nica:<\/p>\n<p><strong>Cumbre de Gobernadores<\/strong><\/p>\n<p>Los Gobernadores y autoridades se reunieron con el fin de ratificar el compromiso de fortalecer el Corredor Bioce\u00e1nico de Capricornio como un catalizador de la integraci\u00f3n regional y promotor del desarrollo sostenible y la conectividad regional, buscando mejorar la calidad de vida de sus habitantes<\/p>\n<p>La Cumbre de Gobernadores fue presidida por el Gobernador de Mato Grosso do Sul Sr. Eduardo Correa Riedel. Los temas trabajados fueron los siguientes:<span data-ccp-props=\"{&quot;201341983&quot;:0,&quot;335551550&quot;:6,&quot;335551620&quot;:6,&quot;335559739&quot;:120,&quot;335559740&quot;:240}\">\u00a0<\/span><\/p>\n<ol>\n<li><span data-contrast=\"auto\"> Plan Maestro de Integraci\u00f3n y Desarrollo del CBC.<\/span><\/li>\n<li><span data-contrast=\"auto\"> Imagen Corporativa y Sitio Web del Foro.<\/span><\/li>\n<li><span data-contrast=\"auto\"> Lineamientos de funcionamiento del Foro de los Territorios Subnacionales del Corredor Bioce\u00e1nico de Capricornio.<\/span><\/li>\n<li><span data-contrast=\"auto\"> Secretar\u00eda T\u00e9cnica del Foro a cargo del Banco Interamericano de Desarrollo (BID)<\/span><\/li>\n<li><span data-contrast=\"auto\"> Presidencia Protempore 2025. Lugar y fecha de la VII Reuni\u00f3n del Foro.<\/span><\/li>\n<li><span data-contrast=\"auto\"> Acuerdo de Cooperaci\u00f3n T\u00e9cnica entre la Provincia de Jujuy, Argentina y el Estado de Mato Grosso do Sul, Brasil.<\/span><\/li>\n<li><span data-contrast=\"auto\"> Comisiones T\u00e9cnicas.<\/span><\/li>\n<\/ol>\n<p><a href=\"https:\/\/corredorbioceanico.org\/cms\/wp-content\/uploads\/2025\/02\/VI-Foro-Campo-Grande-2025-Declaracion_ESP.pdf\" target=\"_blank\" rel=\"noopener\">Acta de la cumbre de Gobernadores<\/a><\/p>\n<p><strong>Comisiones de Trabajo<\/strong><\/p>\n<p>Durante el evento, se llevaron a cabo reuniones de diversas comisiones que trabajaron de forma individual en los siguientes temas:<\/p>\n<ul>\n<li><strong>Academia y Educaci\u00f3n<\/strong> (<a href=\"https:\/\/corredorbioceanico.org\/cms\/wp-content\/uploads\/2025\/02\/VI-Forum-Campo-Grande-2025-Comissao-de-Academia_POR.pdf\" target=\"_blank\" rel=\"noopener\">Acta<\/a>)<\/li>\n<li><strong>Comercio y Procedimientos Fronterizos<\/strong> (<a href=\"https:\/\/corredorbioceanico.org\/cms\/wp-content\/uploads\/2025\/02\/VI-Forum-Campo-Grande-2025-Comissao-de-Comercio-y-Procedimiento-de-Frontera_POR.pdf\" target=\"_blank\" rel=\"noopener\">Acta<\/a>)<\/li>\n<li><strong>Seguridad<\/strong> (<a href=\"https:\/\/corredorbioceanico.org\/cms\/wp-content\/uploads\/2025\/02\/VI-Forum-Campo-Grande-2025-Comissao-de-Seguridad_POR.pdf\" target=\"_blank\" rel=\"noopener\">Acta<\/a>)<\/li>\n<li><strong>Municipios<\/strong> (<a href=\"https:\/\/corredorbioceanico.org\/cms\/wp-content\/uploads\/2025\/02\/VI-Forum-Campo-Grande-2025-Comissao-de-Municipios_POR.pdf\" target=\"_blank\" rel=\"noopener\">Acta<\/a>)<\/li>\n<li><strong>Obras P\u00fablicas, Log\u00edstica y Transporte<\/strong> (<a href=\"https:\/\/corredorbioceanico.org\/cms\/wp-content\/uploads\/2025\/02\/VI-Forum-Campo-Grande-2025-Comissao-de-Obras-Publicas-Logistica-y-Transporte_POR.pdf\" target=\"_blank\" rel=\"noopener\">Acta<\/a>)<\/li>\n<li><strong>Ciudadan\u00eda con enfoque en g\u00e9neros y pueblos originarios<\/strong> (<a href=\"https:\/\/corredorbioceanico.org\/cms\/wp-content\/uploads\/2025\/02\/VI-Forum-Campo-Grande-2025-Comissao-de-Participacion-Ciudadana_POR.pdf\" target=\"_blank\" rel=\"noopener\">Acta<\/a>)<\/li>\n<li><strong>Salud y Sostenibilidad<\/strong> (<a href=\"https:\/\/corredorbioceanico.org\/cms\/wp-content\/uploads\/2025\/02\/VI-Forum-Campo-Grande-2025-Comissao-de-Sustentabilidad_POR.pdf\" target=\"_blank\" rel=\"noopener\">Acta<\/a>)<\/li>\n<li><strong>Turismo<\/strong> (<a href=\"https:\/\/corredorbioceanico.org\/cms\/wp-content\/uploads\/2025\/02\/VI-Forum-Campo-Grande-2025-Comissao-de-Turismo_POR.pdf\" target=\"_blank\" rel=\"noopener\">Acta<\/a>)<\/li>\n<\/ul>\n<p><strong>Seminario Internacional de la Ruta Bioce\u00e1nica<\/strong><\/p>\n<p>Con la asistencia de mas de 1000 participantes, en el \u201cCentro de Conven\u00e7\u00f5es Arquiteto Rubens Gil de Camilo\u201d se llevo a cabo el \u201cSeminario Internacional de la Ruta Bioce\u00e1nica\u201d. Particularmente, el 19 de febrero se realizaron los paneles tem\u00e1ticos sobre sector privado, infraestructura, tecnolog\u00eda e innovaci\u00f3n, aduanas, impacto social y la presentaci\u00f3n de la estructura del Plan Maestro.<\/p>\n<p>Aqu\u00ed los enlaces a la transmisi\u00f3n de los paneles y al +MS Padcast con las principales discusiones de los tres d\u00edas del evento:<\/p>\n<ul>\n<li>Sector Privado: <a href=\"https:\/\/youtu.be\/cCuRHWUEI-8\" target=\"_blank\" rel=\"noopener\">https:\/\/youtu.be\/cCuRHWUEI-8<\/a><\/li>\n<li>Infraestructura: <a href=\"https:\/\/youtu.be\/dt2JN4MdRHc\" target=\"_blank\" rel=\"noopener\">https:\/\/youtu.be\/dt2JN4MdRHc<\/a><\/li>\n<li>Tecnolog\u00eda e Innova\u00e7i\u00f3n: <a href=\"https:\/\/youtu.be\/BBLlZri9p68\" target=\"_blank\" rel=\"noopener\">https:\/\/youtu.be\/BBLlZri9p68<\/a><\/li>\n<li>Aduana: <a href=\"https:\/\/youtu.be\/uoaAsAFe_j8\" target=\"_blank\" rel=\"noopener\">https:\/\/youtu.be\/uoaAsAFe_j8<\/a><\/li>\n<li>Impacto Social: <a href=\"https:\/\/youtu.be\/uQj5HTRI8T0\" target=\"_blank\" rel=\"noopener\">https:\/\/youtu.be\/uQj5HTRI8T0<\/a><\/li>\n<li>Plan Maestro: <a href=\"https:\/\/youtu.be\/HjoYng4gHug\">https:\/\/youtu.be\/HjoYng4gHug<\/a><\/li>\n<\/ul>\n<p><\/p>","protected":false},"excerpt":{"rendered":"<p>Lugar:\u00a0Ciudad de Campo Grande, Mato Grosso do Sul, Brasil Fecha:\u00a0Del 17 al 19 de febrero 2025 Objetivo El evento tuvo por objetivo reunir a representantes de Paraguay, Brasil, Argentina, Chile y otros pa\u00edses, con enfoque en las oportunidades de desarrollo e integraci\u00f3n regional que proporcionar\u00e1 el Corredor Vial Bioce\u00e1nico. Este proyecto busca fortalecer la conectividad [&hellip;]<\/p>\n","protected":false},"featured_media":3558,"template":"","meta":{"_acf_changed":false,"_relevanssi_hide_post":"","_relevanssi_hide_content":"","_relevanssi_pin_for_all":"","_relevanssi_pin_keywords":"","_relevanssi_unpin_keywords":"","_relevanssi_related_keywords":"","_relevanssi_related_include_ids":"","_relevanssi_related_exclude_ids":"","_relevanssi_related_no_append":"","_relevanssi_related_not_related":"","_relevanssi_related_posts":"","_relevanssi_noindex_reason":""},"class_list":["post-3584","actividad","type-actividad","status-publish","has-post-thumbnail","hentry","ano_actividad-ano-2025","tipo-reuniones-del-foro","hito_actividad-vi-foro-campo-grande-2025"],"acf":[],"yoast_head":"<!-- This site is optimized with the Yoast SEO plugin v25.5 - https:\/\/yoast.com\/wordpress\/plugins\/seo\/ -->\n<title>VI Foro de Campo Grande - 2025 - Corredor Bioce\u00e1nico de Capricornio<\/title>\n<meta name=\"robots\" content=\"index, follow, max-snippet:-1, max-image-preview:large, max-video-preview:-1\" \/>\n<link rel=\"canonical\" href=\"https:\/\/corredorbioceanico.org\/es\/actividad\/vi-foro-de-campo-grande-2025\/\" \/>\n<meta property=\"og:locale\" content=\"es_ES\" \/>\n<meta property=\"og:type\" content=\"article\" \/>\n<meta property=\"og:title\" content=\"[:es]VI Foro de Campo Grande - 2025[:pb]VI F\u00f3rum do Campo Grande - 2025[:en]VI Forum of Campo Grande[:] - Corredor Bioce\u00e1nico de Capricornio\" \/>\n<meta property=\"og:description\" content=\"Lugar:\u00a0Ciudad de Campo Grande, Mato Grosso do Sul, Brasil Fecha:\u00a0Del 17 al 19 de febrero 2025 Objetivo El evento tuvo por objetivo reunir a representantes de Paraguay, Brasil, Argentina, Chile y otros pa\u00edses, con enfoque en las oportunidades de desarrollo e integraci\u00f3n regional que proporcionar\u00e1 el Corredor Vial Bioce\u00e1nico. Este proyecto busca fortalecer la conectividad [&hellip;]\" \/>\n<meta property=\"og:url\" content=\"https:\/\/corredorbioceanico.org\/es\/actividad\/vi-foro-de-campo-grande-2025\/\" \/>\n<meta property=\"og:site_name\" content=\"Corredor Bioce\u00e1nico de Capricornio\" \/>\n<meta property=\"article:modified_time\" content=\"2025-02-27T13:25:56+00:00\" \/>\n<meta property=\"og:image\" content=\"https:\/\/corredorbioceanico.org\/cms\/wp-content\/uploads\/2025\/02\/Logo.jpg\" \/>\n\t<meta property=\"og:image:width\" content=\"481\" \/>\n\t<meta property=\"og:image:height\" content=\"280\" \/>\n\t<meta property=\"og:image:type\" content=\"image\/jpeg\" \/>\n<meta name=\"twitter:card\" content=\"summary_large_image\" \/>\n<meta name=\"twitter:label1\" content=\"Tiempo de lectura\" \/>\n\t<meta name=\"twitter:data1\" content=\"8 minutos\" \/>\n<script type=\"application\/ld+json\" class=\"yoast-schema-graph\">{\"@context\":\"https:\/\/schema.org\",\"@graph\":[{\"@type\":\"WebPage\",\"@id\":\"https:\/\/corredorbioceanico.org\/es\/actividad\/vi-foro-de-campo-grande-2025\/\",\"url\":\"https:\/\/corredorbioceanico.org\/es\/actividad\/vi-foro-de-campo-grande-2025\/\",\"name\":\"[:es]VI Foro de Campo Grande - 2025[:pb]VI F\u00f3rum do Campo Grande - 2025[:en]VI Forum of Campo Grande[:] - Corredor Bioce\u00e1nico de Capricornio\",\"isPartOf\":{\"@id\":\"https:\/\/corredorbioceanico.org\/es\/#website\"},\"primaryImageOfPage\":{\"@id\":\"https:\/\/corredorbioceanico.org\/es\/actividad\/vi-foro-de-campo-grande-2025\/#primaryimage\"},\"image\":{\"@id\":\"https:\/\/corredorbioceanico.org\/es\/actividad\/vi-foro-de-campo-grande-2025\/#primaryimage\"},\"thumbnailUrl\":\"https:\/\/corredorbioceanico.org\/cms\/wp-content\/uploads\/2025\/02\/Logo.jpg\",\"datePublished\":\"2025-02-21T19:31:12+00:00\",\"dateModified\":\"2025-02-27T13:25:56+00:00\",\"breadcrumb\":{\"@id\":\"https:\/\/corredorbioceanico.org\/es\/actividad\/vi-foro-de-campo-grande-2025\/#breadcrumb\"},\"inLanguage\":\"es\",\"potentialAction\":[{\"@type\":\"ReadAction\",\"target\":[\"https:\/\/corredorbioceanico.org\/es\/actividad\/vi-foro-de-campo-grande-2025\/\"]}]},{\"@type\":\"ImageObject\",\"inLanguage\":\"es\",\"@id\":\"https:\/\/corredorbioceanico.org\/es\/actividad\/vi-foro-de-campo-grande-2025\/#primaryimage\",\"url\":\"https:\/\/corredorbioceanico.org\/cms\/wp-content\/uploads\/2025\/02\/Logo.jpg\",\"contentUrl\":\"https:\/\/corredorbioceanico.org\/cms\/wp-content\/uploads\/2025\/02\/Logo.jpg\",\"width\":481,\"height\":280},{\"@type\":\"BreadcrumbList\",\"@id\":\"https:\/\/corredorbioceanico.org\/es\/actividad\/vi-foro-de-campo-grande-2025\/#breadcrumb\",\"itemListElement\":[{\"@type\":\"ListItem\",\"position\":1,\"name\":\"Portada\",\"item\":\"https:\/\/corredorbioceanico.org\/es\/\"},{\"@type\":\"ListItem\",\"position\":2,\"name\":\"Actividades\",\"item\":\"https:\/\/corredorbioceanico.org\/es\/actividad\/\"},{\"@type\":\"ListItem\",\"position\":3,\"name\":\"VI Foro de Campo Grande &#8211; 2025\"}]},{\"@type\":\"WebSite\",\"@id\":\"https:\/\/corredorbioceanico.org\/es\/#website\",\"url\":\"https:\/\/corredorbioceanico.org\/es\/\",\"name\":\"Corredor Bioce\u00e1nico de Capricornio\",\"description\":\"Sitio Web del Corredor Bioce\u00e1nico de Capricornio\",\"publisher\":{\"@id\":\"https:\/\/corredorbioceanico.org\/es\/#organization\"},\"potentialAction\":[{\"@type\":\"SearchAction\",\"target\":{\"@type\":\"EntryPoint\",\"urlTemplate\":\"https:\/\/corredorbioceanico.org\/es\/?s={search_term_string}\"},\"query-input\":{\"@type\":\"PropertyValueSpecification\",\"valueRequired\":true,\"valueName\":\"search_term_string\"}}],\"inLanguage\":\"es\"},{\"@type\":\"Organization\",\"@id\":\"https:\/\/corredorbioceanico.org\/es\/#organization\",\"name\":\"Corredor Bioce\u00e1nico de Capricornio\",\"url\":\"https:\/\/corredorbioceanico.org\/es\/\",\"logo\":{\"@type\":\"ImageObject\",\"inLanguage\":\"es\",\"@id\":\"https:\/\/corredorbioceanico.org\/es\/#\/schema\/logo\/image\/\",\"url\":\"https:\/\/corredorbioceanico.org\/cms\/wp-content\/uploads\/2025\/02\/CBC_ID_WEB_1B.png\",\"contentUrl\":\"https:\/\/corredorbioceanico.org\/cms\/wp-content\/uploads\/2025\/02\/CBC_ID_WEB_1B.png\",\"width\":652,\"height\":200,\"caption\":\"Corredor Bioce\u00e1nico de Capricornio\"},\"image\":{\"@id\":\"https:\/\/corredorbioceanico.org\/es\/#\/schema\/logo\/image\/\"}}]}<\/script>\n<!-- \/ Yoast SEO plugin. -->","yoast_head_json":{"title":"[:es]VI Foro de Campo Grande - 2025[:pb]VI F\u00f3rum do Campo Grande - 2025[:en]VI Forum of Campo Grande[:] - Corredor Bioce\u00e1nico de Capricornio","robots":{"index":"index","follow":"follow","max-snippet":"max-snippet:-1","max-image-preview":"max-image-preview:large","max-video-preview":"max-video-preview:-1"},"canonical":"https:\/\/corredorbioceanico.org\/es\/actividad\/vi-foro-de-campo-grande-2025\/","og_locale":"es_ES","og_type":"article","og_title":"[:es]VI Foro de Campo Grande - 2025[:pb]VI F\u00f3rum do Campo Grande - 2025[:en]VI Forum of Campo Grande[:] - Corredor Bioce\u00e1nico de Capricornio","og_description":"Lugar:\u00a0Ciudad de Campo Grande, Mato Grosso do Sul, Brasil Fecha:\u00a0Del 17 al 19 de febrero 2025 Objetivo El evento tuvo por objetivo reunir a representantes de Paraguay, Brasil, Argentina, Chile y otros pa\u00edses, con enfoque en las oportunidades de desarrollo e integraci\u00f3n regional que proporcionar\u00e1 el Corredor Vial Bioce\u00e1nico. Este proyecto busca fortalecer la conectividad [&hellip;]","og_url":"https:\/\/corredorbioceanico.org\/es\/actividad\/vi-foro-de-campo-grande-2025\/","og_site_name":"Corredor Bioce\u00e1nico de Capricornio","article_modified_time":"2025-02-27T13:25:56+00:00","og_image":[{"width":481,"height":280,"url":"https:\/\/corredorbioceanico.org\/cms\/wp-content\/uploads\/2025\/02\/Logo.jpg","type":"image\/jpeg"}],"twitter_card":"summary_large_image","twitter_misc":{"Tiempo de lectura":"8 minutos"},"schema":{"@context":"https:\/\/schema.org","@graph":[{"@type":"WebPage","@id":"https:\/\/corredorbioceanico.org\/es\/actividad\/vi-foro-de-campo-grande-2025\/","url":"https:\/\/corredorbioceanico.org\/es\/actividad\/vi-foro-de-campo-grande-2025\/","name":"[:es]VI Foro de Campo Grande - 2025[:pb]VI F\u00f3rum do Campo Grande - 2025[:en]VI Forum of Campo Grande[:] - Corredor Bioce\u00e1nico de Capricornio","isPartOf":{"@id":"https:\/\/corredorbioceanico.org\/es\/#website"},"primaryImageOfPage":{"@id":"https:\/\/corredorbioceanico.org\/es\/actividad\/vi-foro-de-campo-grande-2025\/#primaryimage"},"image":{"@id":"https:\/\/corredorbioceanico.org\/es\/actividad\/vi-foro-de-campo-grande-2025\/#primaryimage"},"thumbnailUrl":"https:\/\/corredorbioceanico.org\/cms\/wp-content\/uploads\/2025\/02\/Logo.jpg","datePublished":"2025-02-21T19:31:12+00:00","dateModified":"2025-02-27T13:25:56+00:00","breadcrumb":{"@id":"https:\/\/corredorbioceanico.org\/es\/actividad\/vi-foro-de-campo-grande-2025\/#breadcrumb"},"inLanguage":"es","potentialAction":[{"@type":"ReadAction","target":["https:\/\/corredorbioceanico.org\/es\/actividad\/vi-foro-de-campo-grande-2025\/"]}]},{"@type":"ImageObject","inLanguage":"es","@id":"https:\/\/corredorbioceanico.org\/es\/actividad\/vi-foro-de-campo-grande-2025\/#primaryimage","url":"https:\/\/corredorbioceanico.org\/cms\/wp-content\/uploads\/2025\/02\/Logo.jpg","contentUrl":"https:\/\/corredorbioceanico.org\/cms\/wp-content\/uploads\/2025\/02\/Logo.jpg","width":481,"height":280},{"@type":"BreadcrumbList","@id":"https:\/\/corredorbioceanico.org\/es\/actividad\/vi-foro-de-campo-grande-2025\/#breadcrumb","itemListElement":[{"@type":"ListItem","position":1,"name":"Portada","item":"https:\/\/corredorbioceanico.org\/es\/"},{"@type":"ListItem","position":2,"name":"Actividades","item":"https:\/\/corredorbioceanico.org\/es\/actividad\/"},{"@type":"ListItem","position":3,"name":"VI Foro de Campo Grande &#8211; 2025"}]},{"@type":"WebSite","@id":"https:\/\/corredorbioceanico.org\/es\/#website","url":"https:\/\/corredorbioceanico.org\/es\/","name":"Corredor Bioce\u00e1nico de Capricornio","description":"Sitio Web del Corredor Bioce\u00e1nico de Capricornio","publisher":{"@id":"https:\/\/corredorbioceanico.org\/es\/#organization"},"potentialAction":[{"@type":"SearchAction","target":{"@type":"EntryPoint","urlTemplate":"https:\/\/corredorbioceanico.org\/es\/?s={search_term_string}"},"query-input":{"@type":"PropertyValueSpecification","valueRequired":true,"valueName":"search_term_string"}}],"inLanguage":"es"},{"@type":"Organization","@id":"https:\/\/corredorbioceanico.org\/es\/#organization","name":"Corredor Bioce\u00e1nico de Capricornio","url":"https:\/\/corredorbioceanico.org\/es\/","logo":{"@type":"ImageObject","inLanguage":"es","@id":"https:\/\/corredorbioceanico.org\/es\/#\/schema\/logo\/image\/","url":"https:\/\/corredorbioceanico.org\/cms\/wp-content\/uploads\/2025\/02\/CBC_ID_WEB_1B.png","contentUrl":"https:\/\/corredorbioceanico.org\/cms\/wp-content\/uploads\/2025\/02\/CBC_ID_WEB_1B.png","width":652,"height":200,"caption":"Corredor Bioce\u00e1nico de Capricornio"},"image":{"@id":"https:\/\/corredorbioceanico.org\/es\/#\/schema\/logo\/image\/"}}]}},"_links":{"self":[{"href":"https:\/\/corredorbioceanico.org\/es\/wp-json\/wp\/v2\/actividad\/3584","targetHints":{"allow":["GET"]}}],"collection":[{"href":"https:\/\/corredorbioceanico.org\/es\/wp-json\/wp\/v2\/actividad"}],"about":[{"href":"https:\/\/corredorbioceanico.org\/es\/wp-json\/wp\/v2\/types\/actividad"}],"wp:featuredmedia":[{"embeddable":true,"href":"https:\/\/corredorbioceanico.org\/es\/wp-json\/wp\/v2\/media\/3558"}],"wp:attachment":[{"href":"https:\/\/corredorbioceanico.org\/es\/wp-json\/wp\/v2\/media?parent=3584"}],"curies":[{"name":"wp","href":"https:\/\/api.w.org\/{rel}","templated":true}]}}