{"id":3899,"date":"2025-10-17T15:24:32","date_gmt":"2025-10-17T18:24:32","guid":{"rendered":"https:\/\/corredorbioceanico.org\/?post_type=actividad&#038;p=3899"},"modified":"2025-10-23T17:51:18","modified_gmt":"2025-10-23T20:51:18","slug":"vii-foro-de-jujuy-2025","status":"publish","type":"actividad","link":"https:\/\/corredorbioceanico.org\/es\/actividad\/vii-foro-de-jujuy-2025\/","title":{"rendered":"VII Foro de Jujuy &#8211; 2025"},"content":{"rendered":"<p><\/p>\n<div class=\"container\">\n<div class=\"row\">\n<div class=\"col-lg-8 col-md-8 col-sm-12 col-xs-12 container-text-page\">\n<h4 style=\"text-align: center;\"><strong>VII FORO DE LOS TERRITORIOS SUBNACIONALES DEL CORREDOR BIOCEANICO DE CAPRICORNIO<\/strong><\/h4>\n<\/div>\n<\/div>\n<\/div>\n<p>&nbsp;<\/p>\n<p><strong>Lugar:<\/strong>\u00a0Ciudad de San Salvador de Jujuy, Jujuy, Argentina<\/p>\n<p><strong>Fecha:<\/strong>\u00a0Del 08 al 10 de octubre 2025<\/p>\n<p><strong>Objetivo<\/strong><br \/>\nEl evento tuvo por objetivo fortalecer la integraci\u00f3n regional de los territorios que conforman el Corredor Bioce\u00e1nico de Capricornio, promoviendo la cooperaci\u00f3n y el dise\u00f1o e implementaci\u00f3n de proyectos conjuntos. El trabajo del Foro se desarrolla en \u00e1reas estrat\u00e9gicas como infraestructura, comercio y procesos transfronterizos, turismo, salud y educaci\u00f3n, municipios, participaci\u00f3n ciudadana, pueblos originarios y seguridad, con el prop\u00f3sito de mejorar la conectividad f\u00edsica y digital, impulsar el crecimiento econ\u00f3mico y alcanzar el bienestar de sus habitantes.<\/p>\n<p><strong>Descripci\u00f3n<\/strong><br \/>\nDurante el Foro se celebraron la Cumbre de Gobernadores y las sesiones de las Comisiones de Trabajo, as\u00ed como m\u00faltiples paneles y conferencias brindadas por especialistas en temas estrat\u00e9gicos para el Corredor. (<a href=\"https:\/\/drive.google.com\/file\/d\/1KUdY6Qaj9NN_lILg6HpdvoDzp8QpZlTo\/view?usp=drive_link\" target=\"_blank\" rel=\"noopener\">Ver video institucional<\/a>)<\/p>\n<p>&nbsp;<\/p>\n<h4><u>D\u00eda 1 &#8211; 8 de octubre &#8211; Presentaci\u00f3n del Plan Maestro y Acto Oficial<\/u><\/h4>\n<p><strong>Recepci\u00f3n en la Casa de Gobierno<\/strong><br \/>\nPor la ma\u00f1ana, el gobernador anfitri\u00f3n <strong>Carlos Sadir<\/strong> recibi\u00f3 en la Casa de Gobierno a los gobernadores invitados, altas autoridades nacionales y representantes de organismos internacionales. El encuentro incluy\u00f3 un desayuno protocolar y la foto oficial, como parte de la bienvenida institucional y al intercambio previo a las actividades p\u00fablicas del Foro.<\/p>\n<p><strong>Presentaci\u00f3n del Plan Maestro de Integraci\u00f3n y Desarrollo del Corredor Bioce\u00e1nico de Capricornio (PM-CBC) en la Ciudad Cultural<\/strong><br \/>\nEn paralelo a la recepci\u00f3n brindada a los gobernadores, y ante un auditorio de m\u00e1s de 700 personas, se presentaron los avances en el desarrollo del PM-CBC, elaborado con apoyo t\u00e9cnico y financiero del Banco Interamericano de Desarrollo (BID). Durante la exposici\u00f3n, se dieron a conocer los diagn\u00f3sticos y las propuestas para facilitar el comercio y optimizar los procesos transfronterizos, destacando el trabajo realizado por m\u00e1s de 630 representantes del sector p\u00fablico y privado, los cuales identificaron 230 oportunidades de mejora y definieron 260 acciones prioritarias. Complementariamente se presentaron los resultados relacionados a los estudios correspondientes a la dimensi\u00f3n de infraestructura f\u00edsica y digital, con la identificaci\u00f3n de m\u00e1s de 100 proyectos. De manera adicional se presentaron los avances en relaci\u00f3n al dise\u00f1o de los futuros estudios en materia de desarrollo productivo y comercial, los cuales ser\u00e1n abordados en los meses subsiguientes.\u00a0 (<a href=\"https:\/\/corredorbioceanico.org\/cms\/wp-content\/uploads\/2025\/10\/VII-Foro-Jujuy-Apertura.pdf\" target=\"_blank\" rel=\"noopener\">Ver Presentaci\u00f3n<\/a> &#8211; <a href=\"https:\/\/drive.google.com\/file\/d\/1VG9mNryZGpr_3D90Khu5fxmeEAw-p-xX\/view?usp=sharing\" target=\"_blank\" rel=\"noopener\">Video de la presentaci\u00f3n)<\/a><\/p>\n<p><strong>Acto oficial de los gobernadores<\/strong><br \/>\nCon la llegada de las comitivas oficiales a la Ciudad Cultural, se llev\u00f3 a cabo la inauguraci\u00f3n formal del VII Foro, en la que gobernadores, embajadores y representantes de organismos internacionales pronunciaron palabras de apertura. Acceso al video (<a href=\"https:\/\/drive.google.com\/file\/d\/1H8kj35E-lkFJE1y5fGG1soroy87PuurK\/view?usp=sharing\">Video del Acto Oficial<\/a>)<\/p>\n<p><strong>Comisiones de Trabajo<\/strong><br \/>\nPor la tarde del mi\u00e9rcoles 8 se llevaron a cabo las reuniones de las distintas Comisiones de Trabajo, en las salas del complejo Ciudad Cultural, donde m\u00e1s de 400 funcionarios p\u00fablicos y representantes del sector privado de Argentina, Brasil, Chile y Paraguay trabajaron conjuntamente en los ejes tem\u00e1ticos del Foro.<\/p>\n<ul>\n<li><strong>Comercio y Procedimientos Fronterizos<\/strong>\u00a0(<a href=\"https:\/\/corredorbioceanico.org\/cms\/wp-content\/uploads\/2025\/10\/VII-Foro-de-Jujuy-Acta-comision-Comercio-y-procedimientos-de-Frontera.pdf\" target=\"_blank\" rel=\"noopener\">Acta<\/a>)<\/li>\n<li><strong>Seguridad<\/strong>\u00a0(<a href=\"https:\/\/corredorbioceanico.org\/cms\/wp-content\/uploads\/2025\/10\/VII-Foro-de-Jujuy-Acta-comision-Seguridad.pdf\" target=\"_blank\" rel=\"noopener\">Acta<\/a>)<\/li>\n<li><strong>Municipios<\/strong>\u00a0(<a href=\"https:\/\/corredorbioceanico.org\/cms\/wp-content\/uploads\/2025\/10\/VII-Foro-de-Jujuy-Acta-comision-Municipios.pdf\" target=\"_blank\" rel=\"noopener\">Acta<\/a>)<\/li>\n<li><strong>Obras P\u00fablicas, Log\u00edstica y Transporte<\/strong>\u00a0(<a href=\"https:\/\/corredorbioceanico.org\/cms\/wp-content\/uploads\/2025\/10\/VII-Foro-de-Jujuy-Acta-comision-Obras-Publicas-Logisitica-y-Transporte.pdf\" target=\"_blank\" rel=\"noopener\">Acta<\/a>)<\/li>\n<li><strong>Ciudadan\u00eda con enfoque en g\u00e9neros y pueblos originarios<\/strong>\u00a0(<a href=\"https:\/\/corredorbioceanico.org\/cms\/wp-content\/uploads\/2025\/10\/VII-Foro-de-Jujuy-Acta-comision-Participacion-Ciudadana-Enfoque-de-genero-y-Pueblos-Originarios.pdf\" target=\"_blank\" rel=\"noopener\">Acta<\/a>)<\/li>\n<li><strong>Salud y Sostenibilidad<\/strong>\u00a0(<a href=\"https:\/\/corredorbioceanico.org\/cms\/wp-content\/uploads\/2025\/10\/VII-Foro-de-Jujuy-Acta-comision-Salud-y-sustentabilidad.pdf\" target=\"_blank\" rel=\"noopener\">Acta<\/a>)<\/li>\n<li><strong>Turismo<\/strong>\u00a0<strong>y Cultura<\/strong> (<a href=\"https:\/\/corredorbioceanico.org\/cms\/wp-content\/uploads\/2025\/10\/VII-Foro-de-Jujuy-Acta-comision-Turismo-y-Cultura.pdf\" target=\"_blank\" rel=\"noopener\">Acta<\/a>)<\/li>\n<li><strong>Academia y Educaci\u00f3n <\/strong>(<a href=\"https:\/\/drive.google.com\/file\/d\/1oDHDlbjJLacZEnVe_FRGqgF2zrM1KO7p\/view?usp=sharing\">Acta<\/a>)<\/li>\n<\/ul>\n<p><strong>\u00a0<\/strong><\/p>\n<h4><u>D\u00eda 2 &#8211; 09 de octubre &#8211; Cumbre de Gobernadores y Conferencias tem\u00e1ticas del Corredor Bioce\u00e1nico de Capricornio<\/u><\/h4>\n<p><strong> Cumbre de Gobernadores<\/strong><br \/>\nLos gobernadores y representantes de los ocho territorios subnacionales que integran el Corredor Bioce\u00e1nico de Capricornio se reunieron en el Cabildo de la Provincia de Jujuy, con el prop\u00f3sito de reafirmar el compromiso de consolidar el CBC como un instrumento de integraci\u00f3n regional orientado a mejorar la calidad de vida de las comunidades que habitan en los territorios del corredor.<\/p>\n<p>Durante la sesi\u00f3n, por parte del BID se presentaron los avances del PM-CBC, que incluye diagn\u00f3sticos y propuestas en las dimensiones de facilitaci\u00f3n del comercio y procesos transfronterizos; infraestructura f\u00edsica y digital con foco en cadenas de valor; y desarrollo productivo y comercial. (<a href=\"https:\/\/corredorbioceanico.org\/cms\/wp-content\/uploads\/2025\/10\/VII-Foro-Jujuy-Presentacion-Plan-Maestro.pdf\" target=\"_blank\" rel=\"noopener\">Ver presentaci\u00f3n<\/a>)<\/p>\n<p>Los principales temas y acuerdos tratados durante la Cumbre fueron los siguientes:<\/p>\n<ul>\n<li>Aspectos operativos del Corredor<\/li>\n<li>Plan Maestro de Integraci\u00f3n y Desarrollo del CBC<\/li>\n<li>Trabajo de las Comisiones T\u00e9cnicas<\/li>\n<li>Articulaci\u00f3n entre el Foro de los Territorios Subnacionales y el Grupo de Trabajo del Corredor Bioce\u00e1nico Vial (CBV), a cargo de las Canciller\u00edas<\/li>\n<li>Traspaso de la Presidencia Pro Tempore y pr\u00f3xima sede del VIII Foro<\/li>\n<\/ul>\n<p><a href=\"https:\/\/corredorbioceanico.org\/cms\/wp-content\/uploads\/2025\/10\/VII-Foro-de-Jujuy-Acta-Cumbre-ESP.pdf\" target=\"_blank\" rel=\"noopener\">Acta de la cumbre de Gobernadores ESP<\/a><\/p>\n<p><a href=\"https:\/\/corredorbioceanico.org\/cms\/wp-content\/uploads\/2025\/10\/VII-Foro-de-Jujuy-Acta-Cumbre-POR.pdf\" target=\"_blank\" rel=\"noopener\">Acta de la cumbre de Gobernadores POR<\/a><\/p>\n<p><strong>Conferencias del Corredor Bioce\u00e1nico de Capricornio<\/strong><br \/>\nEn paralelo a la Cumbre de Gobernadores, y con la participaci\u00f3n de m\u00e1s de 400 asistentes, se desarroll\u00f3 en la Ciudad Cultural una jornada de exposiciones que reuni\u00f3 a representantes del \u00e1mbito acad\u00e9mico, t\u00e9cnico y gubernamental. Las presentaciones abordaron investigaciones recientes, los principales desaf\u00edos en materia de log\u00edstica y transporte, y las estrategias de desarrollo territorial orientadas a fortalecer la integraci\u00f3n regional en el marco del CBC.<\/p>\n<p>Los temas presentados fueron los siguientes:<\/p>\n<ul>\n<li>Panel de investigaciones sobre el Corredor Bioce\u00e1nico.<\/li>\n<li>Panel de Log\u00edstica y Transporte<\/li>\n<li>Panel sobre desarrollo territorial<\/li>\n<\/ul>\n<p>Acceso a los videos de los paneles (<a href=\"https:\/\/drive.google.com\/file\/d\/1wjgWYYLJ4XDI8hCAq3MJ5HaIrIid5m7Q\/view?usp=sharing\">Parte 1<\/a> &#8211; <a href=\"https:\/\/drive.google.com\/file\/d\/1qGjEkj6igiGSzpvWNydgrMxXPWOeCN-b\/view?usp=sharing\">Parte 2<\/a>)<\/p>\n<p>&nbsp;<\/p>\n<h4><u> 10 de octubre \u2014Conferencias y ronda de negocios del sector privado del CBC<\/u><\/h4>\n<p><strong>Conferencias y exposiciones<\/strong><br \/>\nEl viernes 10 por la ma\u00f1ana se llevaron a cabo los paneles tem\u00e1ticos organizados por la C\u00e1mara de Comercio Exterior de Jujuy, que abordaron temas tales como oportunidades de desarrollo, marcos de integraci\u00f3n diplom\u00e1tica, experiencias empresariales en la regi\u00f3n, incentivos fiscales y los desaf\u00edos log\u00edsticos asociados al CBC. Adem\u00e1s, se present\u00f3 la estructura del PM-CBC, destacando su relevancia como Hoja de Ruta para la consolidaci\u00f3n del Corredor.<\/p>\n<p>Los paneles tuvieron los siguientes temas::<\/p>\n<ol>\n<li>Los corredores bioce\u00e1nicos como oportunidad. El plan maestro regional y el rol fundamental del sector privado.<\/li>\n<li>La visi\u00f3n diplom\u00e1tica y la integraci\u00f3n regional. Institutos econ\u00f3micos para la integraci\u00f3n del corredor bioce\u00e1nico.<\/li>\n<li>El corredor bioce\u00e1nico en acci\u00f3n: la experiencia y desaf\u00edos del sector privado.<\/li>\n<li>Beneficios fiscales y oportunidades de inversi\u00f3n. Ley provincial de inversiones y R.I.G.I.<\/li>\n<li>Log\u00edstica y multimodalidad en el corredor bioce\u00e1nico<\/li>\n<\/ol>\n<p><a href=\"https:\/\/drive.google.com\/drive\/folders\/13mtP0QQYz1RE_aPgwo9oSuD-ywcayXsP?usp=sharing\" target=\"_blank\" rel=\"noopener\">Acceso a las presentaciones<\/a><\/p>\n<p><strong>Ronda de negocios<\/strong><br \/>\nEl evento culmin\u00f3 con una ronda de negocios que cont\u00f3 con la participaci\u00f3n de m\u00e1s de 120 empresas provenientes de Argentina, Brasil, Chile y Paraguay. La jornada se consolid\u00f3 como un espacio clave para impulsar nuevos v\u00ednculos comerciales, promover la cooperaci\u00f3n empresarial transfronteriza y fortalecer la integraci\u00f3n productiva y regional en el marco del CBC. Adem\u00e1s de generar oportunidades de intercambio, la actividad permiti\u00f3 identificar \u00e1reas de colaboraci\u00f3n estrat\u00e9gica entre los sectores p\u00fablico y privado, potenciando la visi\u00f3n del Corredor como eje de desarrollo econ\u00f3mico sostenible.<\/p>\n<p><a href=\"https:\/\/drive.google.com\/file\/d\/1KlVFX8kW38mk1fvuHaqGA5l4dWq92f_g\/view?usp=sharing\">Video de cierre<\/a> del VII Foro de los Territorios Subnacionales del Corredor Bioce\u00e1nico de Capricornio.<\/p>","protected":false},"excerpt":{"rendered":"<p>VII FORO DE LOS TERRITORIOS SUBNACIONALES DEL CORREDOR BIOCEANICO DE CAPRICORNIO &nbsp; Lugar:\u00a0Ciudad de San Salvador de Jujuy, Jujuy, Argentina Fecha:\u00a0Del 08 al 10 de octubre 2025 Objetivo El evento tuvo por objetivo fortalecer la integraci\u00f3n regional de los territorios que conforman el Corredor Bioce\u00e1nico de Capricornio, promoviendo la cooperaci\u00f3n y el dise\u00f1o e implementaci\u00f3n [&hellip;]<\/p>\n","protected":false},"featured_media":3943,"template":"","meta":{"_acf_changed":false,"_relevanssi_hide_post":"","_relevanssi_hide_content":"","_relevanssi_pin_for_all":"","_relevanssi_pin_keywords":"","_relevanssi_unpin_keywords":"","_relevanssi_related_keywords":"","_relevanssi_related_include_ids":"","_relevanssi_related_exclude_ids":"","_relevanssi_related_no_append":"","_relevanssi_related_not_related":"","_relevanssi_related_posts":"","_relevanssi_noindex_reason":""},"class_list":["post-3899","actividad","type-actividad","status-publish","has-post-thumbnail","hentry","ano_actividad-ano-2025","tipo-reuniones-del-foro","hito_actividad-vii-foro-jujuy-2025"],"acf":[],"yoast_head":"<!-- This site is optimized with the Yoast SEO plugin v25.5 - https:\/\/yoast.com\/wordpress\/plugins\/seo\/ -->\n<title>VII Foro de Jujuy - 2025 - Corredor Bioce\u00e1nico de Capricornio<\/title>\n<meta name=\"robots\" content=\"index, follow, max-snippet:-1, max-image-preview:large, max-video-preview:-1\" \/>\n<link rel=\"canonical\" href=\"https:\/\/corredorbioceanico.org\/actividad\/vii-foro-de-jujuy-2025\/\" \/>\n<meta property=\"og:locale\" content=\"es_ES\" \/>\n<meta property=\"og:type\" content=\"article\" \/>\n<meta property=\"og:title\" content=\"[:es]VII Foro de Jujuy - 2025[:] - Corredor Bioce\u00e1nico de Capricornio\" \/>\n<meta property=\"og:description\" content=\"VII FORO DE LOS TERRITORIOS SUBNACIONALES DEL CORREDOR BIOCEANICO DE CAPRICORNIO &nbsp; Lugar:\u00a0Ciudad de San Salvador de Jujuy, Jujuy, Argentina Fecha:\u00a0Del 08 al 10 de octubre 2025 Objetivo El evento tuvo por objetivo fortalecer la integraci\u00f3n regional de los territorios que conforman el Corredor Bioce\u00e1nico de Capricornio, promoviendo la cooperaci\u00f3n y el dise\u00f1o e implementaci\u00f3n [&hellip;]\" \/>\n<meta property=\"og:url\" content=\"https:\/\/corredorbioceanico.org\/actividad\/vii-foro-de-jujuy-2025\/\" \/>\n<meta property=\"og:site_name\" content=\"Corredor Bioce\u00e1nico de Capricornio\" \/>\n<meta property=\"article:modified_time\" content=\"2025-10-23T20:51:18+00:00\" \/>\n<meta property=\"og:image\" content=\"https:\/\/corredorbioceanico.org\/cms\/wp-content\/uploads\/2025\/10\/DSC9456-scaled.jpg\" \/>\n\t<meta property=\"og:image:width\" content=\"2560\" \/>\n\t<meta property=\"og:image:height\" content=\"1707\" \/>\n\t<meta property=\"og:image:type\" content=\"image\/jpeg\" \/>\n<meta name=\"twitter:card\" content=\"summary_large_image\" \/>\n<meta name=\"twitter:label1\" content=\"Tiempo de lectura\" \/>\n\t<meta name=\"twitter:data1\" content=\"6 minutos\" \/>\n<script type=\"application\/ld+json\" class=\"yoast-schema-graph\">{\"@context\":\"https:\/\/schema.org\",\"@graph\":[{\"@type\":\"WebPage\",\"@id\":\"https:\/\/corredorbioceanico.org\/actividad\/vii-foro-de-jujuy-2025\/\",\"url\":\"https:\/\/corredorbioceanico.org\/actividad\/vii-foro-de-jujuy-2025\/\",\"name\":\"[:es]VII Foro de Jujuy - 2025[:] - Corredor Bioce\u00e1nico de Capricornio\",\"isPartOf\":{\"@id\":\"https:\/\/corredorbioceanico.org\/es\/#website\"},\"primaryImageOfPage\":{\"@id\":\"https:\/\/corredorbioceanico.org\/actividad\/vii-foro-de-jujuy-2025\/#primaryimage\"},\"image\":{\"@id\":\"https:\/\/corredorbioceanico.org\/actividad\/vii-foro-de-jujuy-2025\/#primaryimage\"},\"thumbnailUrl\":\"https:\/\/corredorbioceanico.org\/cms\/wp-content\/uploads\/2025\/10\/DSC9456-scaled.jpg\",\"datePublished\":\"2025-10-17T18:24:32+00:00\",\"dateModified\":\"2025-10-23T20:51:18+00:00\",\"breadcrumb\":{\"@id\":\"https:\/\/corredorbioceanico.org\/actividad\/vii-foro-de-jujuy-2025\/#breadcrumb\"},\"inLanguage\":\"es\",\"potentialAction\":[{\"@type\":\"ReadAction\",\"target\":[\"https:\/\/corredorbioceanico.org\/actividad\/vii-foro-de-jujuy-2025\/\"]}]},{\"@type\":\"ImageObject\",\"inLanguage\":\"es\",\"@id\":\"https:\/\/corredorbioceanico.org\/actividad\/vii-foro-de-jujuy-2025\/#primaryimage\",\"url\":\"https:\/\/corredorbioceanico.org\/cms\/wp-content\/uploads\/2025\/10\/DSC9456-scaled.jpg\",\"contentUrl\":\"https:\/\/corredorbioceanico.org\/cms\/wp-content\/uploads\/2025\/10\/DSC9456-scaled.jpg\",\"width\":2560,\"height\":1707},{\"@type\":\"BreadcrumbList\",\"@id\":\"https:\/\/corredorbioceanico.org\/actividad\/vii-foro-de-jujuy-2025\/#breadcrumb\",\"itemListElement\":[{\"@type\":\"ListItem\",\"position\":1,\"name\":\"Portada\",\"item\":\"https:\/\/corredorbioceanico.org\/es\/\"},{\"@type\":\"ListItem\",\"position\":2,\"name\":\"Actividades\",\"item\":\"https:\/\/corredorbioceanico.org\/es\/actividad\/\"},{\"@type\":\"ListItem\",\"position\":3,\"name\":\"VII Foro de Jujuy &#8211; 2025\"}]},{\"@type\":\"WebSite\",\"@id\":\"https:\/\/corredorbioceanico.org\/es\/#website\",\"url\":\"https:\/\/corredorbioceanico.org\/es\/\",\"name\":\"Corredor Bioce\u00e1nico de Capricornio\",\"description\":\"Sitio Web del Corredor Bioce\u00e1nico de Capricornio\",\"publisher\":{\"@id\":\"https:\/\/corredorbioceanico.org\/es\/#organization\"},\"potentialAction\":[{\"@type\":\"SearchAction\",\"target\":{\"@type\":\"EntryPoint\",\"urlTemplate\":\"https:\/\/corredorbioceanico.org\/es\/?s={search_term_string}\"},\"query-input\":{\"@type\":\"PropertyValueSpecification\",\"valueRequired\":true,\"valueName\":\"search_term_string\"}}],\"inLanguage\":\"es\"},{\"@type\":\"Organization\",\"@id\":\"https:\/\/corredorbioceanico.org\/es\/#organization\",\"name\":\"Corredor Bioce\u00e1nico de Capricornio\",\"url\":\"https:\/\/corredorbioceanico.org\/es\/\",\"logo\":{\"@type\":\"ImageObject\",\"inLanguage\":\"es\",\"@id\":\"https:\/\/corredorbioceanico.org\/es\/#\/schema\/logo\/image\/\",\"url\":\"https:\/\/corredorbioceanico.org\/cms\/wp-content\/uploads\/2025\/02\/CBC_ID_WEB_1B.png\",\"contentUrl\":\"https:\/\/corredorbioceanico.org\/cms\/wp-content\/uploads\/2025\/02\/CBC_ID_WEB_1B.png\",\"width\":652,\"height\":200,\"caption\":\"Corredor Bioce\u00e1nico de Capricornio\"},\"image\":{\"@id\":\"https:\/\/corredorbioceanico.org\/es\/#\/schema\/logo\/image\/\"}}]}<\/script>\n<!-- \/ Yoast SEO plugin. -->","yoast_head_json":{"title":"[:es]VII Foro de Jujuy - 2025[:] - Corredor Bioce\u00e1nico de Capricornio","robots":{"index":"index","follow":"follow","max-snippet":"max-snippet:-1","max-image-preview":"max-image-preview:large","max-video-preview":"max-video-preview:-1"},"canonical":"https:\/\/corredorbioceanico.org\/actividad\/vii-foro-de-jujuy-2025\/","og_locale":"es_ES","og_type":"article","og_title":"[:es]VII Foro de Jujuy - 2025[:] - Corredor Bioce\u00e1nico de Capricornio","og_description":"VII FORO DE LOS TERRITORIOS SUBNACIONALES DEL CORREDOR BIOCEANICO DE CAPRICORNIO &nbsp; Lugar:\u00a0Ciudad de San Salvador de Jujuy, Jujuy, Argentina Fecha:\u00a0Del 08 al 10 de octubre 2025 Objetivo El evento tuvo por objetivo fortalecer la integraci\u00f3n regional de los territorios que conforman el Corredor Bioce\u00e1nico de Capricornio, promoviendo la cooperaci\u00f3n y el dise\u00f1o e implementaci\u00f3n [&hellip;]","og_url":"https:\/\/corredorbioceanico.org\/actividad\/vii-foro-de-jujuy-2025\/","og_site_name":"Corredor Bioce\u00e1nico de Capricornio","article_modified_time":"2025-10-23T20:51:18+00:00","og_image":[{"width":2560,"height":1707,"url":"https:\/\/corredorbioceanico.org\/cms\/wp-content\/uploads\/2025\/10\/DSC9456-scaled.jpg","type":"image\/jpeg"}],"twitter_card":"summary_large_image","twitter_misc":{"Tiempo de lectura":"6 minutos"},"schema":{"@context":"https:\/\/schema.org","@graph":[{"@type":"WebPage","@id":"https:\/\/corredorbioceanico.org\/actividad\/vii-foro-de-jujuy-2025\/","url":"https:\/\/corredorbioceanico.org\/actividad\/vii-foro-de-jujuy-2025\/","name":"[:es]VII Foro de Jujuy - 2025[:] - Corredor Bioce\u00e1nico de Capricornio","isPartOf":{"@id":"https:\/\/corredorbioceanico.org\/es\/#website"},"primaryImageOfPage":{"@id":"https:\/\/corredorbioceanico.org\/actividad\/vii-foro-de-jujuy-2025\/#primaryimage"},"image":{"@id":"https:\/\/corredorbioceanico.org\/actividad\/vii-foro-de-jujuy-2025\/#primaryimage"},"thumbnailUrl":"https:\/\/corredorbioceanico.org\/cms\/wp-content\/uploads\/2025\/10\/DSC9456-scaled.jpg","datePublished":"2025-10-17T18:24:32+00:00","dateModified":"2025-10-23T20:51:18+00:00","breadcrumb":{"@id":"https:\/\/corredorbioceanico.org\/actividad\/vii-foro-de-jujuy-2025\/#breadcrumb"},"inLanguage":"es","potentialAction":[{"@type":"ReadAction","target":["https:\/\/corredorbioceanico.org\/actividad\/vii-foro-de-jujuy-2025\/"]}]},{"@type":"ImageObject","inLanguage":"es","@id":"https:\/\/corredorbioceanico.org\/actividad\/vii-foro-de-jujuy-2025\/#primaryimage","url":"https:\/\/corredorbioceanico.org\/cms\/wp-content\/uploads\/2025\/10\/DSC9456-scaled.jpg","contentUrl":"https:\/\/corredorbioceanico.org\/cms\/wp-content\/uploads\/2025\/10\/DSC9456-scaled.jpg","width":2560,"height":1707},{"@type":"BreadcrumbList","@id":"https:\/\/corredorbioceanico.org\/actividad\/vii-foro-de-jujuy-2025\/#breadcrumb","itemListElement":[{"@type":"ListItem","position":1,"name":"Portada","item":"https:\/\/corredorbioceanico.org\/es\/"},{"@type":"ListItem","position":2,"name":"Actividades","item":"https:\/\/corredorbioceanico.org\/es\/actividad\/"},{"@type":"ListItem","position":3,"name":"VII Foro de Jujuy &#8211; 2025"}]},{"@type":"WebSite","@id":"https:\/\/corredorbioceanico.org\/es\/#website","url":"https:\/\/corredorbioceanico.org\/es\/","name":"Corredor Bioce\u00e1nico de Capricornio","description":"Sitio Web del Corredor Bioce\u00e1nico de Capricornio","publisher":{"@id":"https:\/\/corredorbioceanico.org\/es\/#organization"},"potentialAction":[{"@type":"SearchAction","target":{"@type":"EntryPoint","urlTemplate":"https:\/\/corredorbioceanico.org\/es\/?s={search_term_string}"},"query-input":{"@type":"PropertyValueSpecification","valueRequired":true,"valueName":"search_term_string"}}],"inLanguage":"es"},{"@type":"Organization","@id":"https:\/\/corredorbioceanico.org\/es\/#organization","name":"Corredor Bioce\u00e1nico de Capricornio","url":"https:\/\/corredorbioceanico.org\/es\/","logo":{"@type":"ImageObject","inLanguage":"es","@id":"https:\/\/corredorbioceanico.org\/es\/#\/schema\/logo\/image\/","url":"https:\/\/corredorbioceanico.org\/cms\/wp-content\/uploads\/2025\/02\/CBC_ID_WEB_1B.png","contentUrl":"https:\/\/corredorbioceanico.org\/cms\/wp-content\/uploads\/2025\/02\/CBC_ID_WEB_1B.png","width":652,"height":200,"caption":"Corredor Bioce\u00e1nico de Capricornio"},"image":{"@id":"https:\/\/corredorbioceanico.org\/es\/#\/schema\/logo\/image\/"}}]}},"_links":{"self":[{"href":"https:\/\/corredorbioceanico.org\/es\/wp-json\/wp\/v2\/actividad\/3899","targetHints":{"allow":["GET"]}}],"collection":[{"href":"https:\/\/corredorbioceanico.org\/es\/wp-json\/wp\/v2\/actividad"}],"about":[{"href":"https:\/\/corredorbioceanico.org\/es\/wp-json\/wp\/v2\/types\/actividad"}],"wp:featuredmedia":[{"embeddable":true,"href":"https:\/\/corredorbioceanico.org\/es\/wp-json\/wp\/v2\/media\/3943"}],"wp:attachment":[{"href":"https:\/\/corredorbioceanico.org\/es\/wp-json\/wp\/v2\/media?parent=3899"}],"curies":[{"name":"wp","href":"https:\/\/api.w.org\/{rel}","templated":true}]}}