{"id":3504,"date":"2025-01-15T17:43:49","date_gmt":"2025-01-15T20:43:49","guid":{"rendered":"https:\/\/corredorbioceanico.org\/?page_id=3504"},"modified":"2025-02-04T14:22:42","modified_gmt":"2025-02-04T17:22:42","slug":"territorio-de-presidente-hayes","status":"publish","type":"page","link":"https:\/\/corredorbioceanico.org\/es\/conoce-el-corredor\/territorios-subnacionales\/territorio-de-presidente-hayes\/","title":{"rendered":"Territorio de Presidente Hayes"},"content":{"rendered":"<p><strong>Ubicaci\u00f3n Geogr\u00e1fica<\/strong>:<br \/>\nEst\u00e1 ubicado al sur de la\u00a0regi\u00f3n occidental\u00a0del pa\u00eds, limitando al norte con el departamento del\u00a0Alto Paraguay; al este con el\u00a0r\u00edo Paraguay\u00a0que lo separa de los departamentos de\u00a0Concepci\u00f3n,\u00a0San Pedro,\u00a0Cordillera,\u00a0Central\u00a0y\u00a0Asunci\u00f3n, distrito capital; al sur con el\u00a0r\u00edo Pilcomayo\u00a0que lo separa de la\u00a0provincia de Formosa\u00a0(Argentina); y al oeste con\u00a0Boquer\u00f3n. Con 126880 habitantes en 2022 es el departamento m\u00e1s poblado de la regi\u00f3n occidental; con 72 907 km\u00b2, es el tercero m\u00e1s extenso \u2014por detr\u00e1s de Boquer\u00f3n\u00a0y\u00a0Alto Paraguay\u2014; y con 1,7 hab\/km\u00b2, es el tercero menos\u00a0densamente poblado, por delante de\u00a0Boquer\u00f3n\u00a0y\u00a0Alto Paraguay.<\/p>\n<p><strong>Capital:\u00a0<\/strong>Pozo Colorado<\/p>\n<p><strong>Poblaci\u00f3n:\u00a0<\/strong>126.880 (2022) (<em>Fuente: <a href=\"https:\/\/www.observatorio.org.py\/situacion_departamental\/departamento\/16\">https:\/\/www.observatorio.org.py\/situacion_departamental\/departamento\/15<\/a><\/em>)<\/p>\n<p><strong>Producto Bruto Interno:\u00a0<\/strong>xx (2024)<\/p>\n<p><strong>Kil\u00f3metros de carretera del corredor:<\/strong><\/p>\n<p><strong>Sitio Web:<\/strong><br \/>\n<a href=\"https:\/\/www.presidentehayes.gov.py\/\">https:\/\/www.presidentehayes.gov.py\/<\/a><\/p>\n<p>&nbsp;<\/p>","protected":false},"excerpt":{"rendered":"<p>Ubicaci\u00f3n Geogr\u00e1fica: Est\u00e1 ubicado al sur de la\u00a0regi\u00f3n occidental\u00a0del pa\u00eds, limitando al norte con el departamento del\u00a0Alto Paraguay; al este con el\u00a0r\u00edo Paraguay\u00a0que lo separa de los departamentos de\u00a0Concepci\u00f3n,\u00a0San Pedro,\u00a0Cordillera,\u00a0Central\u00a0y\u00a0Asunci\u00f3n, distrito capital; al sur con el\u00a0r\u00edo Pilcomayo\u00a0que lo separa de la\u00a0provincia de Formosa\u00a0(Argentina); y al oeste con\u00a0Boquer\u00f3n. Con 126880 habitantes en 2022 es el departamento [&hellip;]<\/p>\n","protected":false},"author":8,"featured_media":3438,"parent":390,"menu_order":0,"comment_status":"closed","ping_status":"closed","template":"","meta":{"_acf_changed":false,"_relevanssi_hide_post":"","_relevanssi_hide_content":"","_relevanssi_pin_for_all":"","_relevanssi_pin_keywords":"","_relevanssi_unpin_keywords":"","_relevanssi_related_keywords":"","_relevanssi_related_include_ids":"","_relevanssi_related_exclude_ids":"","_relevanssi_related_no_append":"","_relevanssi_related_not_related":"","_relevanssi_related_posts":"","_relevanssi_noindex_reason":"","footnotes":""},"class_list":["post-3504","page","type-page","status-publish","has-post-thumbnail","hentry"],"acf":[],"yoast_head":"<!-- This site is optimized with the Yoast SEO plugin v25.5 - https:\/\/yoast.com\/wordpress\/plugins\/seo\/ -->\n<title>Territorio de Presidente Hayes - Corredor Bioce\u00e1nico de Capricornio<\/title>\n<meta name=\"robots\" content=\"index, follow, max-snippet:-1, max-image-preview:large, max-video-preview:-1\" \/>\n<link rel=\"canonical\" href=\"https:\/\/corredorbioceanico.org\/conoce-el-corredor\/territorios-subnacionales\/territorio-de-presidente-hayes\/\" \/>\n<meta property=\"og:locale\" content=\"es_ES\" \/>\n<meta property=\"og:type\" content=\"article\" \/>\n<meta property=\"og:title\" content=\"[:es]Territorio de Presidente Hayes[:] - Corredor Bioce\u00e1nico de Capricornio\" \/>\n<meta property=\"og:description\" content=\"Ubicaci\u00f3n Geogr\u00e1fica: Est\u00e1 ubicado al sur de la\u00a0regi\u00f3n occidental\u00a0del pa\u00eds, limitando al norte con el departamento del\u00a0Alto Paraguay; al este con el\u00a0r\u00edo Paraguay\u00a0que lo separa de los departamentos de\u00a0Concepci\u00f3n,\u00a0San Pedro,\u00a0Cordillera,\u00a0Central\u00a0y\u00a0Asunci\u00f3n, distrito capital; al sur con el\u00a0r\u00edo Pilcomayo\u00a0que lo separa de la\u00a0provincia de Formosa\u00a0(Argentina); y al oeste con\u00a0Boquer\u00f3n. Con 126880 habitantes en 2022 es el departamento [&hellip;]\" \/>\n<meta property=\"og:url\" content=\"https:\/\/corredorbioceanico.org\/conoce-el-corredor\/territorios-subnacionales\/territorio-de-presidente-hayes\/\" \/>\n<meta property=\"og:site_name\" content=\"Corredor Bioce\u00e1nico de Capricornio\" \/>\n<meta property=\"article:modified_time\" content=\"2025-02-04T17:22:42+00:00\" \/>\n<meta property=\"og:image\" content=\"https:\/\/corredorbioceanico.org\/cms\/wp-content\/uploads\/2025\/01\/Chaco-Paraguay-Paraguay_4.jpg\" \/>\n\t<meta property=\"og:image:width\" content=\"1400\" \/>\n\t<meta property=\"og:image:height\" content=\"800\" \/>\n\t<meta property=\"og:image:type\" content=\"image\/jpeg\" \/>\n<meta name=\"twitter:card\" content=\"summary_large_image\" \/>\n<meta name=\"twitter:label1\" content=\"Tiempo de lectura\" \/>\n\t<meta name=\"twitter:data1\" content=\"1 minuto\" \/>\n<script type=\"application\/ld+json\" class=\"yoast-schema-graph\">{\"@context\":\"https:\/\/schema.org\",\"@graph\":[{\"@type\":\"WebPage\",\"@id\":\"https:\/\/corredorbioceanico.org\/conoce-el-corredor\/territorios-subnacionales\/territorio-de-presidente-hayes\/\",\"url\":\"https:\/\/corredorbioceanico.org\/conoce-el-corredor\/territorios-subnacionales\/territorio-de-presidente-hayes\/\",\"name\":\"[:es]Territorio de Presidente Hayes[:] - Corredor Bioce\u00e1nico de Capricornio\",\"isPartOf\":{\"@id\":\"https:\/\/corredorbioceanico.org\/es\/#website\"},\"primaryImageOfPage\":{\"@id\":\"https:\/\/corredorbioceanico.org\/conoce-el-corredor\/territorios-subnacionales\/territorio-de-presidente-hayes\/#primaryimage\"},\"image\":{\"@id\":\"https:\/\/corredorbioceanico.org\/conoce-el-corredor\/territorios-subnacionales\/territorio-de-presidente-hayes\/#primaryimage\"},\"thumbnailUrl\":\"https:\/\/corredorbioceanico.org\/cms\/wp-content\/uploads\/2025\/01\/Chaco-Paraguay-Paraguay_4.jpg\",\"datePublished\":\"2025-01-15T20:43:49+00:00\",\"dateModified\":\"2025-02-04T17:22:42+00:00\",\"breadcrumb\":{\"@id\":\"https:\/\/corredorbioceanico.org\/conoce-el-corredor\/territorios-subnacionales\/territorio-de-presidente-hayes\/#breadcrumb\"},\"inLanguage\":\"es\",\"potentialAction\":[{\"@type\":\"ReadAction\",\"target\":[\"https:\/\/corredorbioceanico.org\/conoce-el-corredor\/territorios-subnacionales\/territorio-de-presidente-hayes\/\"]}]},{\"@type\":\"ImageObject\",\"inLanguage\":\"es\",\"@id\":\"https:\/\/corredorbioceanico.org\/conoce-el-corredor\/territorios-subnacionales\/territorio-de-presidente-hayes\/#primaryimage\",\"url\":\"https:\/\/corredorbioceanico.org\/cms\/wp-content\/uploads\/2025\/01\/Chaco-Paraguay-Paraguay_4.jpg\",\"contentUrl\":\"https:\/\/corredorbioceanico.org\/cms\/wp-content\/uploads\/2025\/01\/Chaco-Paraguay-Paraguay_4.jpg\",\"width\":1400,\"height\":800},{\"@type\":\"BreadcrumbList\",\"@id\":\"https:\/\/corredorbioceanico.org\/conoce-el-corredor\/territorios-subnacionales\/territorio-de-presidente-hayes\/#breadcrumb\",\"itemListElement\":[{\"@type\":\"ListItem\",\"position\":1,\"name\":\"Portada\",\"item\":\"https:\/\/corredorbioceanico.org\/es\/\"},{\"@type\":\"ListItem\",\"position\":2,\"name\":\"Conoce el Corredor\",\"item\":\"https:\/\/corredorbioceanico.org\/conoce-el-corredor\/\"},{\"@type\":\"ListItem\",\"position\":3,\"name\":\"Territorios Subnacionales\",\"item\":\"https:\/\/corredorbioceanico.org\/conoce-el-corredor\/territorios-subnacionales\/\"},{\"@type\":\"ListItem\",\"position\":4,\"name\":\"Territorio de Presidente Hayes\"}]},{\"@type\":\"WebSite\",\"@id\":\"https:\/\/corredorbioceanico.org\/es\/#website\",\"url\":\"https:\/\/corredorbioceanico.org\/es\/\",\"name\":\"Corredor Bioce\u00e1nico de Capricornio\",\"description\":\"Sitio Web del Corredor Bioce\u00e1nico de Capricornio\",\"publisher\":{\"@id\":\"https:\/\/corredorbioceanico.org\/es\/#organization\"},\"potentialAction\":[{\"@type\":\"SearchAction\",\"target\":{\"@type\":\"EntryPoint\",\"urlTemplate\":\"https:\/\/corredorbioceanico.org\/es\/?s={search_term_string}\"},\"query-input\":{\"@type\":\"PropertyValueSpecification\",\"valueRequired\":true,\"valueName\":\"search_term_string\"}}],\"inLanguage\":\"es\"},{\"@type\":\"Organization\",\"@id\":\"https:\/\/corredorbioceanico.org\/es\/#organization\",\"name\":\"Corredor Bioce\u00e1nico de Capricornio\",\"url\":\"https:\/\/corredorbioceanico.org\/es\/\",\"logo\":{\"@type\":\"ImageObject\",\"inLanguage\":\"es\",\"@id\":\"https:\/\/corredorbioceanico.org\/es\/#\/schema\/logo\/image\/\",\"url\":\"https:\/\/corredorbioceanico.org\/cms\/wp-content\/uploads\/2025\/02\/CBC_ID_WEB_1B.png\",\"contentUrl\":\"https:\/\/corredorbioceanico.org\/cms\/wp-content\/uploads\/2025\/02\/CBC_ID_WEB_1B.png\",\"width\":652,\"height\":200,\"caption\":\"Corredor Bioce\u00e1nico de Capricornio\"},\"image\":{\"@id\":\"https:\/\/corredorbioceanico.org\/es\/#\/schema\/logo\/image\/\"}}]}<\/script>\n<!-- \/ Yoast SEO plugin. -->","yoast_head_json":{"title":"[:es]Territorio de Presidente Hayes[:] - Corredor Bioce\u00e1nico de Capricornio","robots":{"index":"index","follow":"follow","max-snippet":"max-snippet:-1","max-image-preview":"max-image-preview:large","max-video-preview":"max-video-preview:-1"},"canonical":"https:\/\/corredorbioceanico.org\/conoce-el-corredor\/territorios-subnacionales\/territorio-de-presidente-hayes\/","og_locale":"es_ES","og_type":"article","og_title":"[:es]Territorio de Presidente Hayes[:] - Corredor Bioce\u00e1nico de Capricornio","og_description":"Ubicaci\u00f3n Geogr\u00e1fica: Est\u00e1 ubicado al sur de la\u00a0regi\u00f3n occidental\u00a0del pa\u00eds, limitando al norte con el departamento del\u00a0Alto Paraguay; al este con el\u00a0r\u00edo Paraguay\u00a0que lo separa de los departamentos de\u00a0Concepci\u00f3n,\u00a0San Pedro,\u00a0Cordillera,\u00a0Central\u00a0y\u00a0Asunci\u00f3n, distrito capital; al sur con el\u00a0r\u00edo Pilcomayo\u00a0que lo separa de la\u00a0provincia de Formosa\u00a0(Argentina); y al oeste con\u00a0Boquer\u00f3n. Con 126880 habitantes en 2022 es el departamento [&hellip;]","og_url":"https:\/\/corredorbioceanico.org\/conoce-el-corredor\/territorios-subnacionales\/territorio-de-presidente-hayes\/","og_site_name":"Corredor Bioce\u00e1nico de Capricornio","article_modified_time":"2025-02-04T17:22:42+00:00","og_image":[{"width":1400,"height":800,"url":"https:\/\/corredorbioceanico.org\/cms\/wp-content\/uploads\/2025\/01\/Chaco-Paraguay-Paraguay_4.jpg","type":"image\/jpeg"}],"twitter_card":"summary_large_image","twitter_misc":{"Tiempo de lectura":"1 minuto"},"schema":{"@context":"https:\/\/schema.org","@graph":[{"@type":"WebPage","@id":"https:\/\/corredorbioceanico.org\/conoce-el-corredor\/territorios-subnacionales\/territorio-de-presidente-hayes\/","url":"https:\/\/corredorbioceanico.org\/conoce-el-corredor\/territorios-subnacionales\/territorio-de-presidente-hayes\/","name":"[:es]Territorio de Presidente Hayes[:] - Corredor Bioce\u00e1nico de Capricornio","isPartOf":{"@id":"https:\/\/corredorbioceanico.org\/es\/#website"},"primaryImageOfPage":{"@id":"https:\/\/corredorbioceanico.org\/conoce-el-corredor\/territorios-subnacionales\/territorio-de-presidente-hayes\/#primaryimage"},"image":{"@id":"https:\/\/corredorbioceanico.org\/conoce-el-corredor\/territorios-subnacionales\/territorio-de-presidente-hayes\/#primaryimage"},"thumbnailUrl":"https:\/\/corredorbioceanico.org\/cms\/wp-content\/uploads\/2025\/01\/Chaco-Paraguay-Paraguay_4.jpg","datePublished":"2025-01-15T20:43:49+00:00","dateModified":"2025-02-04T17:22:42+00:00","breadcrumb":{"@id":"https:\/\/corredorbioceanico.org\/conoce-el-corredor\/territorios-subnacionales\/territorio-de-presidente-hayes\/#breadcrumb"},"inLanguage":"es","potentialAction":[{"@type":"ReadAction","target":["https:\/\/corredorbioceanico.org\/conoce-el-corredor\/territorios-subnacionales\/territorio-de-presidente-hayes\/"]}]},{"@type":"ImageObject","inLanguage":"es","@id":"https:\/\/corredorbioceanico.org\/conoce-el-corredor\/territorios-subnacionales\/territorio-de-presidente-hayes\/#primaryimage","url":"https:\/\/corredorbioceanico.org\/cms\/wp-content\/uploads\/2025\/01\/Chaco-Paraguay-Paraguay_4.jpg","contentUrl":"https:\/\/corredorbioceanico.org\/cms\/wp-content\/uploads\/2025\/01\/Chaco-Paraguay-Paraguay_4.jpg","width":1400,"height":800},{"@type":"BreadcrumbList","@id":"https:\/\/corredorbioceanico.org\/conoce-el-corredor\/territorios-subnacionales\/territorio-de-presidente-hayes\/#breadcrumb","itemListElement":[{"@type":"ListItem","position":1,"name":"Portada","item":"https:\/\/corredorbioceanico.org\/es\/"},{"@type":"ListItem","position":2,"name":"Conoce el Corredor","item":"https:\/\/corredorbioceanico.org\/conoce-el-corredor\/"},{"@type":"ListItem","position":3,"name":"Territorios Subnacionales","item":"https:\/\/corredorbioceanico.org\/conoce-el-corredor\/territorios-subnacionales\/"},{"@type":"ListItem","position":4,"name":"Territorio de Presidente Hayes"}]},{"@type":"WebSite","@id":"https:\/\/corredorbioceanico.org\/es\/#website","url":"https:\/\/corredorbioceanico.org\/es\/","name":"Corredor Bioce\u00e1nico de Capricornio","description":"Sitio Web del Corredor Bioce\u00e1nico de Capricornio","publisher":{"@id":"https:\/\/corredorbioceanico.org\/es\/#organization"},"potentialAction":[{"@type":"SearchAction","target":{"@type":"EntryPoint","urlTemplate":"https:\/\/corredorbioceanico.org\/es\/?s={search_term_string}"},"query-input":{"@type":"PropertyValueSpecification","valueRequired":true,"valueName":"search_term_string"}}],"inLanguage":"es"},{"@type":"Organization","@id":"https:\/\/corredorbioceanico.org\/es\/#organization","name":"Corredor Bioce\u00e1nico de Capricornio","url":"https:\/\/corredorbioceanico.org\/es\/","logo":{"@type":"ImageObject","inLanguage":"es","@id":"https:\/\/corredorbioceanico.org\/es\/#\/schema\/logo\/image\/","url":"https:\/\/corredorbioceanico.org\/cms\/wp-content\/uploads\/2025\/02\/CBC_ID_WEB_1B.png","contentUrl":"https:\/\/corredorbioceanico.org\/cms\/wp-content\/uploads\/2025\/02\/CBC_ID_WEB_1B.png","width":652,"height":200,"caption":"Corredor Bioce\u00e1nico de Capricornio"},"image":{"@id":"https:\/\/corredorbioceanico.org\/es\/#\/schema\/logo\/image\/"}}]}},"_links":{"self":[{"href":"https:\/\/corredorbioceanico.org\/es\/wp-json\/wp\/v2\/pages\/3504","targetHints":{"allow":["GET"]}}],"collection":[{"href":"https:\/\/corredorbioceanico.org\/es\/wp-json\/wp\/v2\/pages"}],"about":[{"href":"https:\/\/corredorbioceanico.org\/es\/wp-json\/wp\/v2\/types\/page"}],"author":[{"embeddable":true,"href":"https:\/\/corredorbioceanico.org\/es\/wp-json\/wp\/v2\/users\/8"}],"replies":[{"embeddable":true,"href":"https:\/\/corredorbioceanico.org\/es\/wp-json\/wp\/v2\/comments?post=3504"}],"version-history":[{"count":2,"href":"https:\/\/corredorbioceanico.org\/es\/wp-json\/wp\/v2\/pages\/3504\/revisions"}],"predecessor-version":[{"id":3529,"href":"https:\/\/corredorbioceanico.org\/es\/wp-json\/wp\/v2\/pages\/3504\/revisions\/3529"}],"up":[{"embeddable":true,"href":"https:\/\/corredorbioceanico.org\/es\/wp-json\/wp\/v2\/pages\/390"}],"wp:featuredmedia":[{"embeddable":true,"href":"https:\/\/corredorbioceanico.org\/es\/wp-json\/wp\/v2\/media\/3438"}],"wp:attachment":[{"href":"https:\/\/corredorbioceanico.org\/es\/wp-json\/wp\/v2\/media?parent=3504"}],"curies":[{"name":"wp","href":"https:\/\/api.w.org\/{rel}","templated":true}]}}