{"id":3116,"date":"2023-11-27T12:44:49","date_gmt":"2023-11-27T15:44:49","guid":{"rendered":"https:\/\/corredorbioceanico.org\/?post_type=actividad&#038;p=3116"},"modified":"2025-01-13T13:08:29","modified_gmt":"2025-01-13T16:08:29","slug":"iv-foro-en-iquique-noviembre-2023","status":"publish","type":"actividad","link":"https:\/\/corredorbioceanico.org\/pb\/actividad\/iv-foro-en-iquique-noviembre-2023\/","title":{"rendered":"IV F\u00f3rum de Iquique &#8211; 2023"},"content":{"rendered":"<p><strong>IV F\u00f3rum de Integra\u00e7\u00e3o do Corredor Bioce\u00e2nico de Capric\u00f3rnio (CBC)<\/strong><\/p>\n<p><strong>Local:<\/strong> Iquique, Tarapac\u00e1, Chile<\/p>\n<p><strong>Data:<\/strong> 27 e 28 de novembro<\/p>\n<p><strong>Objetivo da Atividade<\/strong><\/p>\n<p>O objetivo do f\u00f3rum foi consolidar e fortalecer o Corredor Bioce\u00e2nico de Capric\u00f3rnio como um catalisador da integra\u00e7\u00e3o regional, promovendo o desenvolvimento sustent\u00e1vel e a conectividade entre os estados participantes. Esse esfor\u00e7o busca gerar uma melhoria na qualidade de vida dos habitantes dos territ\u00f3rios envolvidos.<\/p>\n<p><strong>Descri\u00e7\u00e3o da Atividade<\/strong><\/p>\n<p>Presidido por Jos\u00e9 Miguel Carvajal Gallardo, Governador Regional de Tarapac\u00e1, o f\u00f3rum reuniu governadores e representantes de diversos estados subnacionais. Durante o evento, foram constitu\u00eddas duas novas comiss\u00f5es: a Comiss\u00e3o de Sustentabilidade e a Comiss\u00e3o de Participa\u00e7\u00e3o Cidad\u00e3, com Perspectiva de G\u00eanero e Povos Origin\u00e1rios. Essas comiss\u00f5es representam um avan\u00e7o estrat\u00e9gico e social no desenvolvimento do corredor.<\/p>\n<p><strong>Reconhecimentos e Consultas:<\/strong> Foi destacada e parabenizada a iniciativa do BID, desenvolvida por Salta, Antofagasta, Mato Grosso do Sul e Boquer\u00f3n. Foram realizadas consultas a Leonardo Diniz, representante do BID, e Alejandra Rald, respons\u00e1vel pelo Plano Mestre, sobre o plano de a\u00e7\u00e3o que inclui o fortalecimento da gest\u00e3o governamental e da infraestrutura.<\/p>\n<p><strong>Import\u00e2ncia do Setor Privado:<\/strong> Reconheceu-se o papel crucial do setor privado no desenvolvimento do Corredor e valorizou-se o trabalho pr\u00e9vio com atores privados, abrindo a porta a futuras colabora\u00e7\u00f5es.<\/p>\n<p><strong>Cria\u00e7\u00e3o da Comiss\u00e3o Executiva<\/strong><\/p>\n<p>Os sete Governos regionais acordaram a cria\u00e7\u00e3o de uma \u00abComiss\u00e3o Executiva\u00bb, com um profissional designado por cada Estado Subnacional. Esta comiss\u00e3o tem como objetivo dinamizar o Corredor, desenvolver an\u00e1lises e propostas, e articular o trabalho t\u00e9cnico das diversas comiss\u00f5es.<\/p>\n<p><strong>Comiss\u00f5es de Trabalho<\/strong><\/p>\n<p>Durante o evento, foram realizadas reuni\u00f5es de diversas comiss\u00f5es de trabalho, que abordaram temas como:<\/p>\n<ul>\n<li>Participa\u00e7\u00e3o Cidad\u00e3 com enfoque de g\u00eanero e povos origin\u00e1rios<\/li>\n<li>Comiss\u00e3o de Turismo<\/li>\n<li>Comiss\u00e3o de Sustentabilidade<\/li>\n<li>Comiss\u00e3o de Academia<\/li>\n<li>Comiss\u00e3o de Obras P\u00fablicas, Log\u00edstica e Transporte<\/li>\n<li>Comiss\u00e3o de Com\u00e9rcio e Procedimentos Fronteiri\u00e7os<\/li>\n<li>Comiss\u00e3o de Munic\u00edpios<\/li>\n<\/ul>\n<p><strong>Import\u00e2ncia da Atividade<\/strong><\/p>\n<p>O IV F\u00f3rum reafirmou o Corredor Bioce\u00e2nico de Capric\u00f3rnio como um pilar de coopera\u00e7\u00e3o e desenvolvimento, refor\u00e7ando o compromisso de melhorar a infraestrutura, a governan\u00e7a e a integra\u00e7\u00e3o entre as na\u00e7\u00f5es. Este f\u00f3rum representa um avan\u00e7o significativo na integra\u00e7\u00e3o regional, estabelecendo as bases para uma colabora\u00e7\u00e3o duradoura e uma vis\u00e3o comum de crescimento e progresso.<\/p>\n<p><strong>Pr\u00f3ximos Passos<\/strong><\/p>\n<p>O pr\u00f3ximo f\u00f3rum, o V F\u00f3rum de Integra\u00e7\u00e3o do Corredor Bioce\u00e2nico de Capric\u00f3rnio, est\u00e1 previsto para o primeiro semestre de 2024 em Alto Paraguai e Boquer\u00f3n, Paraguai.<\/p>","protected":false},"excerpt":{"rendered":"<p>IV F\u00f3rum de Integra\u00e7\u00e3o do Corredor Bioce\u00e2nico de Capric\u00f3rnio (CBC) Local: Iquique, Tarapac\u00e1, Chile Data: 27 e 28 de novembro Objetivo da Atividade O objetivo do f\u00f3rum foi consolidar e fortalecer o Corredor Bioce\u00e2nico de Capric\u00f3rnio como um catalisador da integra\u00e7\u00e3o regional, promovendo o desenvolvimento sustent\u00e1vel e a conectividade entre os estados participantes. Esse esfor\u00e7o [&hellip;]<\/p>\n","protected":false},"featured_media":2938,"template":"","meta":{"_acf_changed":false,"_relevanssi_hide_post":"","_relevanssi_hide_content":"","_relevanssi_pin_for_all":"","_relevanssi_pin_keywords":"","_relevanssi_unpin_keywords":"","_relevanssi_related_keywords":"","_relevanssi_related_include_ids":"","_relevanssi_related_exclude_ids":"","_relevanssi_related_no_append":"","_relevanssi_related_not_related":"","_relevanssi_related_posts":"","_relevanssi_noindex_reason":""},"class_list":["post-3116","actividad","type-actividad","status-publish","has-post-thumbnail","hentry","ano_actividad-ano-2023","tipo-reuniones-del-foro","hito_actividad-iv-foro-cbc-iquique-2023"],"acf":[],"yoast_head":"<!-- This site is optimized with the Yoast SEO plugin v25.5 - https:\/\/yoast.com\/wordpress\/plugins\/seo\/ -->\n<title>IV F\u00f3rum de Iquique - 2023 - Corredor Bioce\u00e1nico de Capricornio<\/title>\n<meta name=\"robots\" content=\"index, follow, max-snippet:-1, max-image-preview:large, max-video-preview:-1\" \/>\n<link rel=\"canonical\" href=\"https:\/\/corredorbioceanico.org\/es\/actividad\/iv-foro-en-iquique-noviembre-2023\/\" \/>\n<meta property=\"og:locale\" content=\"pt_BR\" \/>\n<meta property=\"og:type\" content=\"article\" \/>\n<meta property=\"og:title\" content=\"[:es]IV Foro de Iquique - 2023[:pb]IV F\u00f3rum de Iquique - 2023[:en]IV Iquique Forum - 2023[:] - Corredor Bioce\u00e1nico de Capricornio\" \/>\n<meta property=\"og:description\" content=\"IV F\u00f3rum de Integra\u00e7\u00e3o do Corredor Bioce\u00e2nico de Capric\u00f3rnio (CBC) Local: Iquique, Tarapac\u00e1, Chile Data: 27 e 28 de novembro Objetivo da Atividade O objetivo do f\u00f3rum foi consolidar e fortalecer o Corredor Bioce\u00e2nico de Capric\u00f3rnio como um catalisador da integra\u00e7\u00e3o regional, promovendo o desenvolvimento sustent\u00e1vel e a conectividade entre os estados participantes. Esse esfor\u00e7o [&hellip;]\" \/>\n<meta property=\"og:url\" content=\"https:\/\/corredorbioceanico.org\/es\/actividad\/iv-foro-en-iquique-noviembre-2023\/\" \/>\n<meta property=\"og:site_name\" content=\"Corredor Bioce\u00e1nico de Capricornio\" \/>\n<meta property=\"article:modified_time\" content=\"2025-01-13T16:08:29+00:00\" \/>\n<meta property=\"og:image\" content=\"https:\/\/corredorbioceanico.org\/cms\/wp-content\/uploads\/2024\/11\/4-Foro-Corredor-Bioceanico-Iquique.png\" \/>\n\t<meta property=\"og:image:width\" content=\"800\" \/>\n\t<meta property=\"og:image:height\" content=\"800\" \/>\n\t<meta property=\"og:image:type\" content=\"image\/png\" \/>\n<meta name=\"twitter:card\" content=\"summary_large_image\" \/>\n<meta name=\"twitter:label1\" content=\"Est. tempo de leitura\" \/>\n\t<meta name=\"twitter:data1\" content=\"6 minutos\" \/>\n<script type=\"application\/ld+json\" class=\"yoast-schema-graph\">{\"@context\":\"https:\/\/schema.org\",\"@graph\":[{\"@type\":\"WebPage\",\"@id\":\"https:\/\/corredorbioceanico.org\/es\/actividad\/iv-foro-en-iquique-noviembre-2023\/\",\"url\":\"https:\/\/corredorbioceanico.org\/es\/actividad\/iv-foro-en-iquique-noviembre-2023\/\",\"name\":\"[:es]IV Foro de Iquique - 2023[:pb]IV F\u00f3rum de Iquique - 2023[:en]IV Iquique Forum - 2023[:] - Corredor Bioce\u00e1nico de Capricornio\",\"isPartOf\":{\"@id\":\"https:\/\/corredorbioceanico.org\/es\/#website\"},\"primaryImageOfPage\":{\"@id\":\"https:\/\/corredorbioceanico.org\/es\/actividad\/iv-foro-en-iquique-noviembre-2023\/#primaryimage\"},\"image\":{\"@id\":\"https:\/\/corredorbioceanico.org\/es\/actividad\/iv-foro-en-iquique-noviembre-2023\/#primaryimage\"},\"thumbnailUrl\":\"https:\/\/corredorbioceanico.org\/cms\/wp-content\/uploads\/2024\/11\/4-Foro-Corredor-Bioceanico-Iquique.png\",\"datePublished\":\"2023-11-27T15:44:49+00:00\",\"dateModified\":\"2025-01-13T16:08:29+00:00\",\"breadcrumb\":{\"@id\":\"https:\/\/corredorbioceanico.org\/es\/actividad\/iv-foro-en-iquique-noviembre-2023\/#breadcrumb\"},\"inLanguage\":\"pt-BR\",\"potentialAction\":[{\"@type\":\"ReadAction\",\"target\":[\"https:\/\/corredorbioceanico.org\/es\/actividad\/iv-foro-en-iquique-noviembre-2023\/\"]}]},{\"@type\":\"ImageObject\",\"inLanguage\":\"pt-BR\",\"@id\":\"https:\/\/corredorbioceanico.org\/es\/actividad\/iv-foro-en-iquique-noviembre-2023\/#primaryimage\",\"url\":\"https:\/\/corredorbioceanico.org\/cms\/wp-content\/uploads\/2024\/11\/4-Foro-Corredor-Bioceanico-Iquique.png\",\"contentUrl\":\"https:\/\/corredorbioceanico.org\/cms\/wp-content\/uploads\/2024\/11\/4-Foro-Corredor-Bioceanico-Iquique.png\",\"width\":800,\"height\":800},{\"@type\":\"BreadcrumbList\",\"@id\":\"https:\/\/corredorbioceanico.org\/es\/actividad\/iv-foro-en-iquique-noviembre-2023\/#breadcrumb\",\"itemListElement\":[{\"@type\":\"ListItem\",\"position\":1,\"name\":\"Portada\",\"item\":\"https:\/\/corredorbioceanico.org\/es\/\"},{\"@type\":\"ListItem\",\"position\":2,\"name\":\"Actividades\",\"item\":\"https:\/\/corredorbioceanico.org\/es\/actividad\/\"},{\"@type\":\"ListItem\",\"position\":3,\"name\":\"IV Foro de Iquique &#8211; 2023\"}]},{\"@type\":\"WebSite\",\"@id\":\"https:\/\/corredorbioceanico.org\/es\/#website\",\"url\":\"https:\/\/corredorbioceanico.org\/es\/\",\"name\":\"Corredor Bioce\u00e1nico de Capricornio\",\"description\":\"Sitio Web del Corredor Bioce\u00e1nico de Capricornio\",\"publisher\":{\"@id\":\"https:\/\/corredorbioceanico.org\/es\/#organization\"},\"potentialAction\":[{\"@type\":\"SearchAction\",\"target\":{\"@type\":\"EntryPoint\",\"urlTemplate\":\"https:\/\/corredorbioceanico.org\/es\/?s={search_term_string}\"},\"query-input\":{\"@type\":\"PropertyValueSpecification\",\"valueRequired\":true,\"valueName\":\"search_term_string\"}}],\"inLanguage\":\"pt-BR\"},{\"@type\":\"Organization\",\"@id\":\"https:\/\/corredorbioceanico.org\/es\/#organization\",\"name\":\"Corredor Bioce\u00e1nico de Capricornio\",\"url\":\"https:\/\/corredorbioceanico.org\/es\/\",\"logo\":{\"@type\":\"ImageObject\",\"inLanguage\":\"pt-BR\",\"@id\":\"https:\/\/corredorbioceanico.org\/es\/#\/schema\/logo\/image\/\",\"url\":\"https:\/\/corredorbioceanico.org\/cms\/wp-content\/uploads\/2025\/02\/CBC_ID_WEB_1B.png\",\"contentUrl\":\"https:\/\/corredorbioceanico.org\/cms\/wp-content\/uploads\/2025\/02\/CBC_ID_WEB_1B.png\",\"width\":652,\"height\":200,\"caption\":\"Corredor Bioce\u00e1nico de Capricornio\"},\"image\":{\"@id\":\"https:\/\/corredorbioceanico.org\/es\/#\/schema\/logo\/image\/\"}}]}<\/script>\n<!-- \/ Yoast SEO plugin. -->","yoast_head_json":{"title":"[:es]IV Foro de Iquique - 2023[:pb]IV F\u00f3rum de Iquique - 2023[:en]IV Iquique Forum - 2023[:] - Corredor Bioce\u00e1nico de Capricornio","robots":{"index":"index","follow":"follow","max-snippet":"max-snippet:-1","max-image-preview":"max-image-preview:large","max-video-preview":"max-video-preview:-1"},"canonical":"https:\/\/corredorbioceanico.org\/es\/actividad\/iv-foro-en-iquique-noviembre-2023\/","og_locale":"pt_BR","og_type":"article","og_title":"[:es]IV Foro de Iquique - 2023[:pb]IV F\u00f3rum de Iquique - 2023[:en]IV Iquique Forum - 2023[:] - Corredor Bioce\u00e1nico de Capricornio","og_description":"IV F\u00f3rum de Integra\u00e7\u00e3o do Corredor Bioce\u00e2nico de Capric\u00f3rnio (CBC) Local: Iquique, Tarapac\u00e1, Chile Data: 27 e 28 de novembro Objetivo da Atividade O objetivo do f\u00f3rum foi consolidar e fortalecer o Corredor Bioce\u00e2nico de Capric\u00f3rnio como um catalisador da integra\u00e7\u00e3o regional, promovendo o desenvolvimento sustent\u00e1vel e a conectividade entre os estados participantes. Esse esfor\u00e7o [&hellip;]","og_url":"https:\/\/corredorbioceanico.org\/es\/actividad\/iv-foro-en-iquique-noviembre-2023\/","og_site_name":"Corredor Bioce\u00e1nico de Capricornio","article_modified_time":"2025-01-13T16:08:29+00:00","og_image":[{"width":800,"height":800,"url":"https:\/\/corredorbioceanico.org\/cms\/wp-content\/uploads\/2024\/11\/4-Foro-Corredor-Bioceanico-Iquique.png","type":"image\/png"}],"twitter_card":"summary_large_image","twitter_misc":{"Est. tempo de leitura":"6 minutos"},"schema":{"@context":"https:\/\/schema.org","@graph":[{"@type":"WebPage","@id":"https:\/\/corredorbioceanico.org\/es\/actividad\/iv-foro-en-iquique-noviembre-2023\/","url":"https:\/\/corredorbioceanico.org\/es\/actividad\/iv-foro-en-iquique-noviembre-2023\/","name":"[:es]IV Foro de Iquique - 2023[:pb]IV F\u00f3rum de Iquique - 2023[:en]IV Iquique Forum - 2023[:] - Corredor Bioce\u00e1nico de Capricornio","isPartOf":{"@id":"https:\/\/corredorbioceanico.org\/es\/#website"},"primaryImageOfPage":{"@id":"https:\/\/corredorbioceanico.org\/es\/actividad\/iv-foro-en-iquique-noviembre-2023\/#primaryimage"},"image":{"@id":"https:\/\/corredorbioceanico.org\/es\/actividad\/iv-foro-en-iquique-noviembre-2023\/#primaryimage"},"thumbnailUrl":"https:\/\/corredorbioceanico.org\/cms\/wp-content\/uploads\/2024\/11\/4-Foro-Corredor-Bioceanico-Iquique.png","datePublished":"2023-11-27T15:44:49+00:00","dateModified":"2025-01-13T16:08:29+00:00","breadcrumb":{"@id":"https:\/\/corredorbioceanico.org\/es\/actividad\/iv-foro-en-iquique-noviembre-2023\/#breadcrumb"},"inLanguage":"pt-BR","potentialAction":[{"@type":"ReadAction","target":["https:\/\/corredorbioceanico.org\/es\/actividad\/iv-foro-en-iquique-noviembre-2023\/"]}]},{"@type":"ImageObject","inLanguage":"pt-BR","@id":"https:\/\/corredorbioceanico.org\/es\/actividad\/iv-foro-en-iquique-noviembre-2023\/#primaryimage","url":"https:\/\/corredorbioceanico.org\/cms\/wp-content\/uploads\/2024\/11\/4-Foro-Corredor-Bioceanico-Iquique.png","contentUrl":"https:\/\/corredorbioceanico.org\/cms\/wp-content\/uploads\/2024\/11\/4-Foro-Corredor-Bioceanico-Iquique.png","width":800,"height":800},{"@type":"BreadcrumbList","@id":"https:\/\/corredorbioceanico.org\/es\/actividad\/iv-foro-en-iquique-noviembre-2023\/#breadcrumb","itemListElement":[{"@type":"ListItem","position":1,"name":"Portada","item":"https:\/\/corredorbioceanico.org\/es\/"},{"@type":"ListItem","position":2,"name":"Actividades","item":"https:\/\/corredorbioceanico.org\/es\/actividad\/"},{"@type":"ListItem","position":3,"name":"IV Foro de Iquique &#8211; 2023"}]},{"@type":"WebSite","@id":"https:\/\/corredorbioceanico.org\/es\/#website","url":"https:\/\/corredorbioceanico.org\/es\/","name":"Corredor Bioce\u00e1nico de Capricornio","description":"Sitio Web del Corredor Bioce\u00e1nico de Capricornio","publisher":{"@id":"https:\/\/corredorbioceanico.org\/es\/#organization"},"potentialAction":[{"@type":"SearchAction","target":{"@type":"EntryPoint","urlTemplate":"https:\/\/corredorbioceanico.org\/es\/?s={search_term_string}"},"query-input":{"@type":"PropertyValueSpecification","valueRequired":true,"valueName":"search_term_string"}}],"inLanguage":"pt-BR"},{"@type":"Organization","@id":"https:\/\/corredorbioceanico.org\/es\/#organization","name":"Corredor Bioce\u00e1nico de Capricornio","url":"https:\/\/corredorbioceanico.org\/es\/","logo":{"@type":"ImageObject","inLanguage":"pt-BR","@id":"https:\/\/corredorbioceanico.org\/es\/#\/schema\/logo\/image\/","url":"https:\/\/corredorbioceanico.org\/cms\/wp-content\/uploads\/2025\/02\/CBC_ID_WEB_1B.png","contentUrl":"https:\/\/corredorbioceanico.org\/cms\/wp-content\/uploads\/2025\/02\/CBC_ID_WEB_1B.png","width":652,"height":200,"caption":"Corredor Bioce\u00e1nico de Capricornio"},"image":{"@id":"https:\/\/corredorbioceanico.org\/es\/#\/schema\/logo\/image\/"}}]}},"_links":{"self":[{"href":"https:\/\/corredorbioceanico.org\/pb\/wp-json\/wp\/v2\/actividad\/3116","targetHints":{"allow":["GET"]}}],"collection":[{"href":"https:\/\/corredorbioceanico.org\/pb\/wp-json\/wp\/v2\/actividad"}],"about":[{"href":"https:\/\/corredorbioceanico.org\/pb\/wp-json\/wp\/v2\/types\/actividad"}],"wp:featuredmedia":[{"embeddable":true,"href":"https:\/\/corredorbioceanico.org\/pb\/wp-json\/wp\/v2\/media\/2938"}],"wp:attachment":[{"href":"https:\/\/corredorbioceanico.org\/pb\/wp-json\/wp\/v2\/media?parent=3116"}],"curies":[{"name":"wp","href":"https:\/\/api.w.org\/{rel}","templated":true}]}}