{"id":3899,"date":"2025-10-17T15:24:32","date_gmt":"2025-10-17T18:24:32","guid":{"rendered":"https:\/\/corredorbioceanico.org\/?post_type=actividad&#038;p=3899"},"modified":"2025-10-23T17:51:18","modified_gmt":"2025-10-23T20:51:18","slug":"vii-foro-de-jujuy-2025","status":"publish","type":"actividad","link":"https:\/\/corredorbioceanico.org\/pb\/actividad\/vii-foro-de-jujuy-2025\/","title":{"rendered":"(ES) VII Foro de Jujuy &#8211; 2025"},"content":{"rendered":"<p><\/p>\n<div class=\"container\">\n<div class=\"row\">\n<div class=\"col-lg-8 col-md-8 col-sm-12 col-xs-12 container-text-page\">\n<h4 style=\"text-align: center;\"><strong>VII F\u00d3RUM DOS TERRIT\u00d3RIOS SUBNACIONAIS DO CORREDOR BIOCE\u00c2NICO DE CAPRIC\u00d3RNIO<\/strong><\/h4>\n<\/div>\n<\/div>\n<\/div>\n<p>&nbsp;<\/p>\n<p><strong>Local:<\/strong> Cidade de San Salvador de Jujuy, Jujuy, Argentina<\/p>\n<p><strong>Data<\/strong>: De 8 a 10 de outubro de 2025<\/p>\n<p><strong>Objetivo<\/strong><\/p>\n<p>O evento teve como objetivo fortalecer a integra\u00e7\u00e3o regional dos territ\u00f3rios que comp\u00f5em o Corredor Bioce\u00e2nico de Capric\u00f3rnio, promovendo a coopera\u00e7\u00e3o e a concep\u00e7\u00e3o e implementa\u00e7\u00e3o de projetos conjuntos. O trabalho do F\u00f3rum se desenvolve em \u00e1reas estrat\u00e9gicas como infraestrutura, com\u00e9rcio e processos transfronteiri\u00e7os, turismo, sa\u00fade e educa\u00e7\u00e3o, munic\u00edpios, participa\u00e7\u00e3o cidad\u00e3, povos origin\u00e1rios e seguran\u00e7a, com o objetivo de melhorar a conectividade f\u00edsica e digital, impulsionar o crescimento econ\u00f4mico e alcan\u00e7ar o bem-estar de seus habitantes.\u00a0 (<a href=\"https:\/\/drive.google.com\/file\/d\/1KUdY6Qaj9NN_lILg6HpdvoDzp8QpZlTo\/view?usp=drive_link\" target=\"_blank\" rel=\"noopener\">Ver video institucional<\/a>)<\/p>\n<p><strong>Descri\u00e7\u00e3o<\/strong><\/p>\n<p>Durante o F\u00f3rum, foram realizadas a C\u00fapula de Governadores e as sess\u00f5es das Comiss\u00f5es de Trabalho, bem como v\u00e1rios pain\u00e9is e confer\u00eancias ministradas por especialistas em temas estrat\u00e9gicos para o Corredor.<\/p>\n<p>&nbsp;<\/p>\n<h4><u>Dia 1 &#8211; 8 de outubro \u2013 Apresenta\u00e7\u00e3o do Plano Diretor e Cerim\u00f4nia Oficial<\/u><\/h4>\n<p><strong>Recep\u00e7\u00e3o na Casa do Governo.<\/strong><\/p>\n<p>Pela manh\u00e3, o governador anfitri\u00e3o Carlos Sadir recebeu na Casa do Governo os governadores convidados, altas autoridades nacionais e representantes de organismos internacionais. O encontro incluiu um caf\u00e9 da manh\u00e3 protocolar e a foto oficial, como parte das boas-vindas institucionais e do interc\u00e2mbio pr\u00e9vio \u00e0s atividades p\u00fablicas do F\u00f3rum.<\/p>\n<p><strong>Apresenta\u00e7\u00e3o do Plano Diretor de Integra\u00e7\u00e3o e Desenvolvimento do Corredor Bioce\u00e2nico de Capric\u00f3rnio (PM-CBC) na Cidade Cultural<\/strong><\/p>\n<p>Paralelamente \u00e0 recep\u00e7\u00e3o oferecida aos governadores, e diante de um audit\u00f3rio com mais de 700 pessoas, foram apresentados os avan\u00e7os no desenvolvimento do PM-CBC, elaborado com apoio t\u00e9cnico e financeiro do Banco Interamericano de Desenvolvimento (BID). Durante a exposi\u00e7\u00e3o, foram divulgados os diagn\u00f3sticos e as propostas para facilitar o com\u00e9rcio e otimizar os processos transfronteiri\u00e7os, destacando o trabalho realizado por mais de 630 representantes dos setores p\u00fablico e privado, que identificaram 230 oportunidades de melhoria e definiram 260 a\u00e7\u00f5es priorit\u00e1rias. Complementarmente, foram apresentados os resultados relacionados aos estudos correspondentes \u00e0 dimens\u00e3o da infraestrutura f\u00edsica e digital, com a identifica\u00e7\u00e3o de mais de 100 projetos. Al\u00e9m disso, foram apresentados os avan\u00e7os em rela\u00e7\u00e3o ao desenho dos futuros estudos em mat\u00e9ria de desenvolvimento produtivo e comercial, que ser\u00e3o abordados nos pr\u00f3ximos meses. (<a href=\"https:\/\/corredorbioceanico.org\/cms\/wp-content\/uploads\/2025\/10\/VII-Foro-Jujuy-Apertura.pdf\" target=\"_blank\" rel=\"noopener\">Ver Presentaci\u00f3n<\/a> &#8211; <a href=\"https:\/\/drive.google.com\/file\/d\/1VG9mNryZGpr_3D90Khu5fxmeEAw-p-xX\/view?usp=sharing\" target=\"_blank\" rel=\"noopener\">Video de la presentaci\u00f3n)<\/a><\/p>\n<p><strong>Cerim\u00f4nia oficial dos governadores<\/strong><br \/>\nCom a chegada das comitivas oficiais \u00e0 Cidade Cultural, foi realizada a inaugura\u00e7\u00e3o formal do VII F\u00f3rum, na qual governadores, embaixadores e representantes de organismos internacionais proferiram palavras de abertura. (<a href=\"https:\/\/drive.google.com\/file\/d\/1H8kj35E-lkFJE1y5fGG1soroy87PuurK\/view?usp=sharing\">Video del Acto Oficial<\/a>)<\/p>\n<p><strong>\u00a0Comiss\u00f5es de Trabalho<\/strong><\/p>\n<p>Na tarde de quarta-feira, dia 8, foram realizadas as reuni\u00f5es das diferentes Comiss\u00f5es de Trabalho, nas salas do complexo Ciudad Cultural, onde mais de 400 funcion\u00e1rios p\u00fablicos e representantes do setor privado da Argentina, Brasil, Chile e Paraguai trabalharam em conjunto nos eixos tem\u00e1ticos do F\u00f3rum.<\/p>\n<ul>\n<li>Com\u00e9rcio e Procedimentos Fronteiri\u00e7os (<a href=\"https:\/\/drive.google.com\/file\/d\/1eDG-4w_gkK6dYVK8zEmT4OGOyJbKycdz\/view?usp=sharing\">Ata<\/a>)<\/li>\n<li>Seguran\u00e7a (<a href=\"https:\/\/drive.google.com\/file\/d\/1TNMuJHaVG_cV1Jf8K76ofzPo4ymZp_cG\/view?usp=sharing\">Ata<\/a>)<\/li>\n<li>Munic\u00edpios (<a href=\"https:\/\/drive.google.com\/file\/d\/1TGBu7h0Jdi6Firq3Q5qhyODHw6DMEGmL\/view?usp=sharing\">Ata<\/a>)<\/li>\n<li>Obras P\u00fablicas, Log\u00edstica e Transporte (<a href=\"https:\/\/drive.google.com\/file\/d\/10q9keW6O_imlt9AIEsq_Wz1vNx7jTXcJ\/view?usp=drive_link\">Ata<\/a>)<\/li>\n<li>Cidadania com foco em g\u00eaneros e povos origin\u00e1rios (<a href=\"https:\/\/drive.google.com\/file\/d\/1E75NtkPCNUqn9tUHaeoGhRX8uToSqq1r\/view?usp=drive_link\">Ata<\/a>)<\/li>\n<li>Sa\u00fade e Sustentabilidade (<a href=\"https:\/\/drive.google.com\/file\/d\/1y4E0YFQzNzGmS42ay2W0w5MoZRr6h1Sh\/view?usp=sharing\">Ata<\/a>)<\/li>\n<li>Turismo e Cultura (<a href=\"https:\/\/drive.google.com\/file\/d\/13-cj-7gccYMbQ6xGuPA5Zt24UtT6zAcW\/view?usp=sharing\">Ata<\/a>)<\/li>\n<li>Academia e Educa\u00e7\u00e3o (<a href=\"https:\/\/drive.google.com\/file\/d\/1oDHDlbjJLacZEnVe_FRGqgF2zrM1KO7p\/view?usp=drive_link\">Ata<\/a>)<\/li>\n<\/ul>\n<h4><u>Dia 2 &#8211; 9 de outubro \u2013 C\u00fapula de Governadores e Confer\u00eancias tem\u00e1ticas do Corredor Bioce\u00e2nico de Capric\u00f3rnio<\/u><\/h4>\n<p><strong>C\u00fapula de Governadores<\/strong><\/p>\n<p>Os governadores e representantes dos oito territ\u00f3rios subnacionais que integram o Corredor Bioce\u00e2nico de Capric\u00f3rnio reuniram-se no Cabildo da Prov\u00edncia de Jujuy, com o objetivo de reafirmar o compromisso de consolidar o CBC como um instrumento de integra\u00e7\u00e3o regional voltado para melhorar a qualidade de vida das comunidades que habitam os territ\u00f3rios do corredor.<br \/>\nDurante a sess\u00e3o, o BID apresentou os avan\u00e7os do PM-CBC, que inclui diagn\u00f3sticos e propostas nas dimens\u00f5es de facilita\u00e7\u00e3o do com\u00e9rcio e processos transfronteiri\u00e7os; infraestrutura f\u00edsica e digital com foco em cadeias de valor; e desenvolvimento produtivo e comercial. (<a href=\"https:\/\/corredorbioceanico.org\/cms\/wp-content\/uploads\/2025\/10\/VII-Foro-Jujuy-Presentacion-Plan-Maestro.pdf\" target=\"_blank\" rel=\"noopener\">Ver presentaci\u00f3n<\/a>)<\/p>\n<p>Os principais temas e acordos tratados durante a C\u00fapula foram os seguintes:<\/p>\n<ul>\n<li>Aspectos operacionais do Corredor<\/li>\n<li>Plano Diretor de Integra\u00e7\u00e3o e Desenvolvimento do CBC<\/li>\n<li>Trabalho das Comiss\u00f5es T\u00e9cnicas<\/li>\n<li>Articula\u00e7\u00e3o entre o F\u00f3rum dos Territ\u00f3rios Subnacionais e o Grupo de Trabalho<\/li>\n<\/ul>\n<p><a href=\"https:\/\/corredorbioceanico.org\/cms\/wp-content\/uploads\/2025\/10\/VII-Foro-de-Jujuy-Acta-Cumbre-ESP.pdf\" target=\"_blank\" rel=\"noopener\">Acta de la cumbre de Gobernadores ESP<\/a><\/p>\n<p><a href=\"https:\/\/corredorbioceanico.org\/cms\/wp-content\/uploads\/2025\/10\/VII-Foro-de-Jujuy-Acta-Cumbre-POR.pdf\" target=\"_blank\" rel=\"noopener\">Acta de la cumbre de Gobernadores POR<\/a><\/p>\n<p><strong>\u00a0<\/strong><\/p>\n<p><strong>Confer\u00eancias tem\u00e1ticas do Corredor Bioce\u00e2nico de Capric\u00f3rnio<\/strong><\/p>\n<p>Paralelamente \u00e0 C\u00fapula de Governadores, e com a participa\u00e7\u00e3o de mais de 400 pessoas, foi realizada na Cidade Cultural uma jornada de exposi\u00e7\u00f5es que reuniu representantes das \u00e1reas acad\u00eamica, t\u00e9cnica e governamental. As apresenta\u00e7\u00f5es abordaram pesquisas recentes, os principais desafios em mat\u00e9ria de log\u00edstica e transporte, e as estrat\u00e9gias de desenvolvimento territorial orientadas para fortalecer a integra\u00e7\u00e3o regional no \u00e2mbito do CBC.<\/p>\n<p>Os temas apresentados foram os seguintes:<\/p>\n<ul>\n<li>Painel de pesquisas sobre o Corredor Bioce\u00e2nico.<\/li>\n<li>Painel de Log\u00edstica e Transporte.<\/li>\n<li>Painel sobre desenvolvimento territorial.<\/li>\n<\/ul>\n<p>Acesso aos v\u00eddeos dos pain\u00e9is.\u00a0(<a href=\"https:\/\/drive.google.com\/file\/d\/1wjgWYYLJ4XDI8hCAq3MJ5HaIrIid5m7Q\/view?usp=sharing\">Parte 1<\/a> &#8211; <a href=\"https:\/\/drive.google.com\/file\/d\/1qGjEkj6igiGSzpvWNydgrMxXPWOeCN-b\/view?usp=sharing\">Parte 2<\/a>)<\/p>\n<h4><u>Dia 3 &#8211; 10 de outubro \u2014 Confer\u00eancias e rodada de neg\u00f3cios do setor privado do CBC<\/u><\/h4>\n<p><strong>Confer\u00eancias e exposi\u00e7\u00f5es<\/strong><\/p>\n<p>Na manh\u00e3 da sexta-feira, dia 10, foram realizados os pain\u00e9is tem\u00e1ticos organizados pela C\u00e2mara de Com\u00e9rcio Exterior de Jujuy, que abordaram temas como oportunidades de desenvolvimento, marcos de integra\u00e7\u00e3o diplom\u00e1tica, experi\u00eancias empresariais na regi\u00e3o, incentivos fiscais e os desafios log\u00edsticos associados ao CBC. Al\u00e9m disso, foi apresentada a estrutura do PM-CBC, destacando sua relev\u00e2ncia como Roteiro para a consolida\u00e7\u00e3o do Corredor.<\/p>\n<p>Os pain\u00e9is tiveram os seguintes temas:<\/p>\n<ol>\n<li>Os corredores bioce\u00e2nicos como oportunidade. O plano diretor regional e o papel fundamental do setor privado.<\/li>\n<li>A vis\u00e3o diplom\u00e1tica e a integra\u00e7\u00e3o regional. Institutos econ\u00f4micos para a integra\u00e7\u00e3o do corredor bioce\u00e2nico.<\/li>\n<li>O corredor biooce\u00e2nico em a\u00e7\u00e3o: a experi\u00eancia e os desafios do setor privado.<\/li>\n<li>Benef\u00edcios fiscais e oportunidades de investimento. Lei provincial de investimentos e R.I.G.I.<\/li>\n<li>Log\u00edstica e multimodalidade no corredor biooce\u00e2nico.<\/li>\n<\/ol>\n<p><a href=\"https:\/\/drive.google.com\/drive\/folders\/13mtP0QQYz1RE_aPgwo9oSuD-ywcayXsP?usp=sharing\" target=\"_blank\" rel=\"noopener\">Acceso a las presentaciones<\/a><\/p>\n<p><strong>Rodada de neg\u00f3cios\u00a0<\/strong><\/p>\n<p>O evento culminou com uma rodada de neg\u00f3cios que contou com a participa\u00e7\u00e3o de mais de 120 empresas provenientes da Argentina, Brasil, Chile e Paraguai. A jornada consolidou-se como um espa\u00e7o fundamental para impulsionar novos v\u00ednculos comerciais, promover a coopera\u00e7\u00e3o empresarial transfronteiri\u00e7a e fortalecer a integra\u00e7\u00e3o produtiva e regional no \u00e2mbito do CBC. Al\u00e9m de gerar oportunidades de interc\u00e2mbio, a atividade permitiu identificar \u00e1reas de colabora\u00e7\u00e3o estrat\u00e9gica entre os setores p\u00fablico e privado, potencializando a vis\u00e3o do Corredor como eixo de desenvolvimento econ\u00f4mico sustent\u00e1vel.<\/p>","protected":false},"excerpt":{"rendered":"<p>VII F\u00d3RUM DOS TERRIT\u00d3RIOS SUBNACIONAIS DO CORREDOR BIOCE\u00c2NICO DE CAPRIC\u00d3RNIO &nbsp; Local: Cidade de San Salvador de Jujuy, Jujuy, Argentina Data: De 8 a 10 de outubro de 2025 Objetivo O evento teve como objetivo fortalecer a integra\u00e7\u00e3o regional dos territ\u00f3rios que comp\u00f5em o Corredor Bioce\u00e2nico de Capric\u00f3rnio, promovendo a coopera\u00e7\u00e3o e a concep\u00e7\u00e3o e [&hellip;]<\/p>\n","protected":false},"featured_media":3943,"template":"","meta":{"_acf_changed":false,"_relevanssi_hide_post":"","_relevanssi_hide_content":"","_relevanssi_pin_for_all":"","_relevanssi_pin_keywords":"","_relevanssi_unpin_keywords":"","_relevanssi_related_keywords":"","_relevanssi_related_include_ids":"","_relevanssi_related_exclude_ids":"","_relevanssi_related_no_append":"","_relevanssi_related_not_related":"","_relevanssi_related_posts":"","_relevanssi_noindex_reason":""},"class_list":["post-3899","actividad","type-actividad","status-publish","has-post-thumbnail","hentry","ano_actividad-ano-2025","tipo-reuniones-del-foro","hito_actividad-vii-foro-jujuy-2025"],"acf":[],"yoast_head":"<!-- This site is optimized with the Yoast SEO plugin v25.5 - https:\/\/yoast.com\/wordpress\/plugins\/seo\/ -->\n<title><\/title>\n<meta name=\"robots\" content=\"index, follow, max-snippet:-1, max-image-preview:large, max-video-preview:-1\" \/>\n<link rel=\"canonical\" href=\"https:\/\/corredorbioceanico.org\/actividad\/vii-foro-de-jujuy-2025\/\" \/>\n<meta property=\"og:locale\" content=\"pt_BR\" \/>\n<meta property=\"og:type\" content=\"article\" \/>\n<meta property=\"og:title\" content=\"[:es]VII Foro de Jujuy - 2025[:] - Corredor Bioce\u00e1nico de Capricornio\" \/>\n<meta property=\"og:description\" content=\"VII F\u00d3RUM DOS TERRIT\u00d3RIOS SUBNACIONAIS DO CORREDOR BIOCE\u00c2NICO DE CAPRIC\u00d3RNIO &nbsp; Local: Cidade de San Salvador de Jujuy, Jujuy, Argentina Data: De 8 a 10 de outubro de 2025 Objetivo O evento teve como objetivo fortalecer a integra\u00e7\u00e3o regional dos territ\u00f3rios que comp\u00f5em o Corredor Bioce\u00e2nico de Capric\u00f3rnio, promovendo a coopera\u00e7\u00e3o e a concep\u00e7\u00e3o e [&hellip;]\" \/>\n<meta property=\"og:url\" content=\"https:\/\/corredorbioceanico.org\/actividad\/vii-foro-de-jujuy-2025\/\" \/>\n<meta property=\"og:site_name\" content=\"Corredor Bioce\u00e1nico de Capricornio\" \/>\n<meta property=\"article:modified_time\" content=\"2025-10-23T20:51:18+00:00\" \/>\n<meta property=\"og:image\" content=\"https:\/\/corredorbioceanico.org\/cms\/wp-content\/uploads\/2025\/10\/DSC9456-scaled.jpg\" \/>\n\t<meta property=\"og:image:width\" content=\"2560\" \/>\n\t<meta property=\"og:image:height\" content=\"1707\" \/>\n\t<meta property=\"og:image:type\" content=\"image\/jpeg\" \/>\n<meta name=\"twitter:card\" content=\"summary_large_image\" \/>\n<meta name=\"twitter:label1\" content=\"Est. tempo de leitura\" \/>\n\t<meta name=\"twitter:data1\" content=\"6 minutos\" \/>\n<script type=\"application\/ld+json\" class=\"yoast-schema-graph\">{\"@context\":\"https:\/\/schema.org\",\"@graph\":[{\"@type\":\"WebPage\",\"@id\":\"https:\/\/corredorbioceanico.org\/actividad\/vii-foro-de-jujuy-2025\/\",\"url\":\"https:\/\/corredorbioceanico.org\/actividad\/vii-foro-de-jujuy-2025\/\",\"name\":\"[:es]VII Foro de Jujuy - 2025[:] - Corredor Bioce\u00e1nico de Capricornio\",\"isPartOf\":{\"@id\":\"https:\/\/corredorbioceanico.org\/es\/#website\"},\"primaryImageOfPage\":{\"@id\":\"https:\/\/corredorbioceanico.org\/actividad\/vii-foro-de-jujuy-2025\/#primaryimage\"},\"image\":{\"@id\":\"https:\/\/corredorbioceanico.org\/actividad\/vii-foro-de-jujuy-2025\/#primaryimage\"},\"thumbnailUrl\":\"https:\/\/corredorbioceanico.org\/cms\/wp-content\/uploads\/2025\/10\/DSC9456-scaled.jpg\",\"datePublished\":\"2025-10-17T18:24:32+00:00\",\"dateModified\":\"2025-10-23T20:51:18+00:00\",\"breadcrumb\":{\"@id\":\"https:\/\/corredorbioceanico.org\/actividad\/vii-foro-de-jujuy-2025\/#breadcrumb\"},\"inLanguage\":\"pt-BR\",\"potentialAction\":[{\"@type\":\"ReadAction\",\"target\":[\"https:\/\/corredorbioceanico.org\/actividad\/vii-foro-de-jujuy-2025\/\"]}]},{\"@type\":\"ImageObject\",\"inLanguage\":\"pt-BR\",\"@id\":\"https:\/\/corredorbioceanico.org\/actividad\/vii-foro-de-jujuy-2025\/#primaryimage\",\"url\":\"https:\/\/corredorbioceanico.org\/cms\/wp-content\/uploads\/2025\/10\/DSC9456-scaled.jpg\",\"contentUrl\":\"https:\/\/corredorbioceanico.org\/cms\/wp-content\/uploads\/2025\/10\/DSC9456-scaled.jpg\",\"width\":2560,\"height\":1707},{\"@type\":\"BreadcrumbList\",\"@id\":\"https:\/\/corredorbioceanico.org\/actividad\/vii-foro-de-jujuy-2025\/#breadcrumb\",\"itemListElement\":[{\"@type\":\"ListItem\",\"position\":1,\"name\":\"Portada\",\"item\":\"https:\/\/corredorbioceanico.org\/es\/\"},{\"@type\":\"ListItem\",\"position\":2,\"name\":\"Actividades\",\"item\":\"https:\/\/corredorbioceanico.org\/es\/actividad\/\"},{\"@type\":\"ListItem\",\"position\":3,\"name\":\"VII Foro de Jujuy &#8211; 2025\"}]},{\"@type\":\"WebSite\",\"@id\":\"https:\/\/corredorbioceanico.org\/es\/#website\",\"url\":\"https:\/\/corredorbioceanico.org\/es\/\",\"name\":\"Corredor Bioce\u00e1nico de Capricornio\",\"description\":\"Sitio Web del Corredor Bioce\u00e1nico de Capricornio\",\"publisher\":{\"@id\":\"https:\/\/corredorbioceanico.org\/es\/#organization\"},\"potentialAction\":[{\"@type\":\"SearchAction\",\"target\":{\"@type\":\"EntryPoint\",\"urlTemplate\":\"https:\/\/corredorbioceanico.org\/es\/?s={search_term_string}\"},\"query-input\":{\"@type\":\"PropertyValueSpecification\",\"valueRequired\":true,\"valueName\":\"search_term_string\"}}],\"inLanguage\":\"pt-BR\"},{\"@type\":\"Organization\",\"@id\":\"https:\/\/corredorbioceanico.org\/es\/#organization\",\"name\":\"Corredor Bioce\u00e1nico de Capricornio\",\"url\":\"https:\/\/corredorbioceanico.org\/es\/\",\"logo\":{\"@type\":\"ImageObject\",\"inLanguage\":\"pt-BR\",\"@id\":\"https:\/\/corredorbioceanico.org\/es\/#\/schema\/logo\/image\/\",\"url\":\"https:\/\/corredorbioceanico.org\/cms\/wp-content\/uploads\/2025\/02\/CBC_ID_WEB_1B.png\",\"contentUrl\":\"https:\/\/corredorbioceanico.org\/cms\/wp-content\/uploads\/2025\/02\/CBC_ID_WEB_1B.png\",\"width\":652,\"height\":200,\"caption\":\"Corredor Bioce\u00e1nico de Capricornio\"},\"image\":{\"@id\":\"https:\/\/corredorbioceanico.org\/es\/#\/schema\/logo\/image\/\"}}]}<\/script>\n<!-- \/ Yoast SEO plugin. -->","yoast_head_json":{"title":"[:es]VII Foro de Jujuy - 2025[:] - Corredor Bioce\u00e1nico de Capricornio","robots":{"index":"index","follow":"follow","max-snippet":"max-snippet:-1","max-image-preview":"max-image-preview:large","max-video-preview":"max-video-preview:-1"},"canonical":"https:\/\/corredorbioceanico.org\/actividad\/vii-foro-de-jujuy-2025\/","og_locale":"pt_BR","og_type":"article","og_title":"[:es]VII Foro de Jujuy - 2025[:] - Corredor Bioce\u00e1nico de Capricornio","og_description":"VII F\u00d3RUM DOS TERRIT\u00d3RIOS SUBNACIONAIS DO CORREDOR BIOCE\u00c2NICO DE CAPRIC\u00d3RNIO &nbsp; Local: Cidade de San Salvador de Jujuy, Jujuy, Argentina Data: De 8 a 10 de outubro de 2025 Objetivo O evento teve como objetivo fortalecer a integra\u00e7\u00e3o regional dos territ\u00f3rios que comp\u00f5em o Corredor Bioce\u00e2nico de Capric\u00f3rnio, promovendo a coopera\u00e7\u00e3o e a concep\u00e7\u00e3o e [&hellip;]","og_url":"https:\/\/corredorbioceanico.org\/actividad\/vii-foro-de-jujuy-2025\/","og_site_name":"Corredor Bioce\u00e1nico de Capricornio","article_modified_time":"2025-10-23T20:51:18+00:00","og_image":[{"width":2560,"height":1707,"url":"https:\/\/corredorbioceanico.org\/cms\/wp-content\/uploads\/2025\/10\/DSC9456-scaled.jpg","type":"image\/jpeg"}],"twitter_card":"summary_large_image","twitter_misc":{"Est. tempo de leitura":"6 minutos"},"schema":{"@context":"https:\/\/schema.org","@graph":[{"@type":"WebPage","@id":"https:\/\/corredorbioceanico.org\/actividad\/vii-foro-de-jujuy-2025\/","url":"https:\/\/corredorbioceanico.org\/actividad\/vii-foro-de-jujuy-2025\/","name":"[:es]VII Foro de Jujuy - 2025[:] - Corredor Bioce\u00e1nico de Capricornio","isPartOf":{"@id":"https:\/\/corredorbioceanico.org\/es\/#website"},"primaryImageOfPage":{"@id":"https:\/\/corredorbioceanico.org\/actividad\/vii-foro-de-jujuy-2025\/#primaryimage"},"image":{"@id":"https:\/\/corredorbioceanico.org\/actividad\/vii-foro-de-jujuy-2025\/#primaryimage"},"thumbnailUrl":"https:\/\/corredorbioceanico.org\/cms\/wp-content\/uploads\/2025\/10\/DSC9456-scaled.jpg","datePublished":"2025-10-17T18:24:32+00:00","dateModified":"2025-10-23T20:51:18+00:00","breadcrumb":{"@id":"https:\/\/corredorbioceanico.org\/actividad\/vii-foro-de-jujuy-2025\/#breadcrumb"},"inLanguage":"pt-BR","potentialAction":[{"@type":"ReadAction","target":["https:\/\/corredorbioceanico.org\/actividad\/vii-foro-de-jujuy-2025\/"]}]},{"@type":"ImageObject","inLanguage":"pt-BR","@id":"https:\/\/corredorbioceanico.org\/actividad\/vii-foro-de-jujuy-2025\/#primaryimage","url":"https:\/\/corredorbioceanico.org\/cms\/wp-content\/uploads\/2025\/10\/DSC9456-scaled.jpg","contentUrl":"https:\/\/corredorbioceanico.org\/cms\/wp-content\/uploads\/2025\/10\/DSC9456-scaled.jpg","width":2560,"height":1707},{"@type":"BreadcrumbList","@id":"https:\/\/corredorbioceanico.org\/actividad\/vii-foro-de-jujuy-2025\/#breadcrumb","itemListElement":[{"@type":"ListItem","position":1,"name":"Portada","item":"https:\/\/corredorbioceanico.org\/es\/"},{"@type":"ListItem","position":2,"name":"Actividades","item":"https:\/\/corredorbioceanico.org\/es\/actividad\/"},{"@type":"ListItem","position":3,"name":"VII Foro de Jujuy &#8211; 2025"}]},{"@type":"WebSite","@id":"https:\/\/corredorbioceanico.org\/es\/#website","url":"https:\/\/corredorbioceanico.org\/es\/","name":"Corredor Bioce\u00e1nico de Capricornio","description":"Sitio Web del Corredor Bioce\u00e1nico de Capricornio","publisher":{"@id":"https:\/\/corredorbioceanico.org\/es\/#organization"},"potentialAction":[{"@type":"SearchAction","target":{"@type":"EntryPoint","urlTemplate":"https:\/\/corredorbioceanico.org\/es\/?s={search_term_string}"},"query-input":{"@type":"PropertyValueSpecification","valueRequired":true,"valueName":"search_term_string"}}],"inLanguage":"pt-BR"},{"@type":"Organization","@id":"https:\/\/corredorbioceanico.org\/es\/#organization","name":"Corredor Bioce\u00e1nico de Capricornio","url":"https:\/\/corredorbioceanico.org\/es\/","logo":{"@type":"ImageObject","inLanguage":"pt-BR","@id":"https:\/\/corredorbioceanico.org\/es\/#\/schema\/logo\/image\/","url":"https:\/\/corredorbioceanico.org\/cms\/wp-content\/uploads\/2025\/02\/CBC_ID_WEB_1B.png","contentUrl":"https:\/\/corredorbioceanico.org\/cms\/wp-content\/uploads\/2025\/02\/CBC_ID_WEB_1B.png","width":652,"height":200,"caption":"Corredor Bioce\u00e1nico de Capricornio"},"image":{"@id":"https:\/\/corredorbioceanico.org\/es\/#\/schema\/logo\/image\/"}}]}},"_links":{"self":[{"href":"https:\/\/corredorbioceanico.org\/pb\/wp-json\/wp\/v2\/actividad\/3899","targetHints":{"allow":["GET"]}}],"collection":[{"href":"https:\/\/corredorbioceanico.org\/pb\/wp-json\/wp\/v2\/actividad"}],"about":[{"href":"https:\/\/corredorbioceanico.org\/pb\/wp-json\/wp\/v2\/types\/actividad"}],"wp:featuredmedia":[{"embeddable":true,"href":"https:\/\/corredorbioceanico.org\/pb\/wp-json\/wp\/v2\/media\/3943"}],"wp:attachment":[{"href":"https:\/\/corredorbioceanico.org\/pb\/wp-json\/wp\/v2\/media?parent=3899"}],"curies":[{"name":"wp","href":"https:\/\/api.w.org\/{rel}","templated":true}]}}